{"id":3688,"date":"2021-03-11T12:18:47","date_gmt":"2021-03-11T12:18:47","guid":{"rendered":"https:\/\/www.neuraxpharm.com\/v2\/?page_id=3688"},"modified":"2023-05-23T13:16:15","modified_gmt":"2023-05-23T13:16:15","slug":"demencia","status":"publish","type":"page","link":"https:\/\/www.neuraxpharm.com\/pt\/doencas\/demencia","title":{"rendered":"Dem\u00eancia"},"content":{"rendered":"\t\t<div data-elementor-type=\"wp-page\" data-elementor-id=\"3688\" class=\"elementor elementor-3688\" data-elementor-post-type=\"page\">\n\t\t\t\t\t\t<section class=\"elementor-section elementor-top-section elementor-element elementor-element-060209f elementor-section-full_width elementor-section-height-min-height elementor-section-items-bottom banner_top elementor-section-height-default\" data-id=\"060209f\" data-element_type=\"section\" data-e-type=\"section\" data-settings=\"{&quot;jet_parallax_layout_list&quot;:[{&quot;jet_parallax_layout_image&quot;:{&quot;url&quot;:&quot;&quot;,&quot;id&quot;:&quot;&quot;,&quot;size&quot;:&quot;&quot;},&quot;_id&quot;:&quot;00936a0&quot;,&quot;jet_parallax_layout_image_tablet&quot;:{&quot;url&quot;:&quot;&quot;,&quot;id&quot;:&quot;&quot;,&quot;size&quot;:&quot;&quot;},&quot;jet_parallax_layout_image_mobile&quot;:{&quot;url&quot;:&quot;&quot;,&quot;id&quot;:&quot;&quot;,&quot;size&quot;:&quot;&quot;},&quot;jet_parallax_layout_speed&quot;:{&quot;unit&quot;:&quot;%&quot;,&quot;size&quot;:50,&quot;sizes&quot;:[]},&quot;jet_parallax_layout_type&quot;:&quot;scroll&quot;,&quot;jet_parallax_layout_direction&quot;:&quot;1&quot;,&quot;jet_parallax_layout_fx_direction&quot;:null,&quot;jet_parallax_layout_z_index&quot;:&quot;&quot;,&quot;jet_parallax_layout_bg_x&quot;:50,&quot;jet_parallax_layout_bg_x_tablet&quot;:&quot;&quot;,&quot;jet_parallax_layout_bg_x_mobile&quot;:&quot;&quot;,&quot;jet_parallax_layout_bg_y&quot;:50,&quot;jet_parallax_layout_bg_y_tablet&quot;:&quot;&quot;,&quot;jet_parallax_layout_bg_y_mobile&quot;:&quot;&quot;,&quot;jet_parallax_layout_bg_size&quot;:&quot;auto&quot;,&quot;jet_parallax_layout_bg_size_tablet&quot;:&quot;&quot;,&quot;jet_parallax_layout_bg_size_mobile&quot;:&quot;&quot;,&quot;jet_parallax_layout_animation_prop&quot;:&quot;transform&quot;,&quot;jet_parallax_layout_on&quot;:[&quot;desktop&quot;,&quot;tablet&quot;]}],&quot;background_background&quot;:&quot;classic&quot;}\">\n\t\t\t\t\t\t\t<div class=\"elementor-background-overlay\"><\/div>\n\t\t\t\t\t\t\t<div class=\"elementor-container elementor-column-gap-no\">\n\t\t\t\t\t<div class=\"elementor-column elementor-col-100 elementor-top-column elementor-element elementor-element-df365c7\" data-id=\"df365c7\" data-element_type=\"column\" data-e-type=\"column\">\n\t\t\t<div class=\"elementor-widget-wrap elementor-element-populated\">\n\t\t\t\t\t\t<section class=\"elementor-section elementor-inner-section elementor-element elementor-element-9789da9 elementor-section-boxed elementor-section-height-default elementor-section-height-default\" data-id=\"9789da9\" data-element_type=\"section\" data-e-type=\"section\" data-settings=\"{&quot;jet_parallax_layout_list&quot;:[{&quot;jet_parallax_layout_image&quot;:{&quot;url&quot;:&quot;&quot;,&quot;id&quot;:&quot;&quot;,&quot;size&quot;:&quot;&quot;},&quot;_id&quot;:&quot;650699a&quot;,&quot;jet_parallax_layout_image_tablet&quot;:{&quot;url&quot;:&quot;&quot;,&quot;id&quot;:&quot;&quot;,&quot;size&quot;:&quot;&quot;},&quot;jet_parallax_layout_image_mobile&quot;:{&quot;url&quot;:&quot;&quot;,&quot;id&quot;:&quot;&quot;,&quot;size&quot;:&quot;&quot;},&quot;jet_parallax_layout_speed&quot;:{&quot;unit&quot;:&quot;%&quot;,&quot;size&quot;:50,&quot;sizes&quot;:[]},&quot;jet_parallax_layout_type&quot;:&quot;scroll&quot;,&quot;jet_parallax_layout_direction&quot;:&quot;1&quot;,&quot;jet_parallax_layout_fx_direction&quot;:null,&quot;jet_parallax_layout_z_index&quot;:&quot;&quot;,&quot;jet_parallax_layout_bg_x&quot;:50,&quot;jet_parallax_layout_bg_x_tablet&quot;:&quot;&quot;,&quot;jet_parallax_layout_bg_x_mobile&quot;:&quot;&quot;,&quot;jet_parallax_layout_bg_y&quot;:50,&quot;jet_parallax_layout_bg_y_tablet&quot;:&quot;&quot;,&quot;jet_parallax_layout_bg_y_mobile&quot;:&quot;&quot;,&quot;jet_parallax_layout_bg_size&quot;:&quot;auto&quot;,&quot;jet_parallax_layout_bg_size_tablet&quot;:&quot;&quot;,&quot;jet_parallax_layout_bg_size_mobile&quot;:&quot;&quot;,&quot;jet_parallax_layout_animation_prop&quot;:&quot;transform&quot;,&quot;jet_parallax_layout_on&quot;:[&quot;desktop&quot;,&quot;tablet&quot;]}]}\">\n\t\t\t\t\t\t<div class=\"elementor-container elementor-column-gap-default\">\n\t\t\t\t\t<div class=\"elementor-column elementor-col-50 elementor-inner-column elementor-element elementor-element-0725104 elementor-hidden-tablet elementor-hidden-phone\" data-id=\"0725104\" data-element_type=\"column\" data-e-type=\"column\">\n\t\t\t<div class=\"elementor-widget-wrap\">\n\t\t\t\t\t\t\t<\/div>\n\t\t<\/div>\n\t\t\t\t<div class=\"elementor-column elementor-col-50 elementor-inner-column elementor-element elementor-element-e025551\" data-id=\"e025551\" data-element_type=\"column\" data-e-type=\"column\">\n\t\t\t<div class=\"elementor-widget-wrap elementor-element-populated\">\n\t\t\t\t\t\t<div class=\"elementor-element elementor-element-c3f5ec1 elementor-widget elementor-widget-theme-post-title elementor-page-title elementor-widget-heading\" data-id=\"c3f5ec1\" data-element_type=\"widget\" data-e-type=\"widget\" data-widget_type=\"theme-post-title.default\">\n\t\t\t\t<div class=\"elementor-widget-container\">\n\t\t\t\t\t<h1 class=\"elementor-heading-title elementor-size-default\">Dem\u00eancia<\/h1>\t\t\t\t<\/div>\n\t\t\t\t<\/div>\n\t\t\t\t\t<\/div>\n\t\t<\/div>\n\t\t\t\t\t<\/div>\n\t\t<\/section>\n\t\t\t\t\t<\/div>\n\t\t<\/div>\n\t\t\t\t\t<\/div>\n\t\t<\/section>\n\t\t\t\t<section class=\"elementor-section elementor-top-section elementor-element elementor-element-c4d3d95 text_disorders elementor-section-boxed elementor-section-height-default elementor-section-height-default\" data-id=\"c4d3d95\" data-element_type=\"section\" data-e-type=\"section\" data-settings=\"{&quot;jet_parallax_layout_list&quot;:[{&quot;jet_parallax_layout_image&quot;:{&quot;url&quot;:&quot;&quot;,&quot;id&quot;:&quot;&quot;,&quot;size&quot;:&quot;&quot;},&quot;_id&quot;:&quot;245babd&quot;,&quot;jet_parallax_layout_image_tablet&quot;:{&quot;url&quot;:&quot;&quot;,&quot;id&quot;:&quot;&quot;,&quot;size&quot;:&quot;&quot;},&quot;jet_parallax_layout_image_mobile&quot;:{&quot;url&quot;:&quot;&quot;,&quot;id&quot;:&quot;&quot;,&quot;size&quot;:&quot;&quot;},&quot;jet_parallax_layout_speed&quot;:{&quot;unit&quot;:&quot;%&quot;,&quot;size&quot;:50,&quot;sizes&quot;:[]},&quot;jet_parallax_layout_type&quot;:&quot;scroll&quot;,&quot;jet_parallax_layout_direction&quot;:&quot;1&quot;,&quot;jet_parallax_layout_fx_direction&quot;:null,&quot;jet_parallax_layout_z_index&quot;:&quot;&quot;,&quot;jet_parallax_layout_bg_x&quot;:50,&quot;jet_parallax_layout_bg_x_tablet&quot;:&quot;&quot;,&quot;jet_parallax_layout_bg_x_mobile&quot;:&quot;&quot;,&quot;jet_parallax_layout_bg_y&quot;:50,&quot;jet_parallax_layout_bg_y_tablet&quot;:&quot;&quot;,&quot;jet_parallax_layout_bg_y_mobile&quot;:&quot;&quot;,&quot;jet_parallax_layout_bg_size&quot;:&quot;auto&quot;,&quot;jet_parallax_layout_bg_size_tablet&quot;:&quot;&quot;,&quot;jet_parallax_layout_bg_size_mobile&quot;:&quot;&quot;,&quot;jet_parallax_layout_animation_prop&quot;:&quot;transform&quot;,&quot;jet_parallax_layout_on&quot;:[&quot;desktop&quot;,&quot;tablet&quot;]}]}\">\n\t\t\t\t\t\t<div class=\"elementor-container elementor-column-gap-default\">\n\t\t\t\t\t<div class=\"elementor-column elementor-col-33 elementor-top-column elementor-element elementor-element-3f35c95 sticky-parent\" data-id=\"3f35c95\" data-element_type=\"column\" data-e-type=\"column\">\n\t\t\t<div class=\"elementor-widget-wrap elementor-element-populated\">\n\t\t\t\t\t\t<section class=\"elementor-section elementor-inner-section elementor-element elementor-element-c38b907 elementor-section-boxed elementor-section-height-default elementor-section-height-default\" data-id=\"c38b907\" data-element_type=\"section\" data-e-type=\"section\" data-settings=\"{&quot;jet_parallax_layout_list&quot;:[{&quot;jet_parallax_layout_image&quot;:{&quot;url&quot;:&quot;&quot;,&quot;id&quot;:&quot;&quot;,&quot;size&quot;:&quot;&quot;},&quot;_id&quot;:&quot;87539ac&quot;,&quot;jet_parallax_layout_image_tablet&quot;:{&quot;url&quot;:&quot;&quot;,&quot;id&quot;:&quot;&quot;,&quot;size&quot;:&quot;&quot;},&quot;jet_parallax_layout_image_mobile&quot;:{&quot;url&quot;:&quot;&quot;,&quot;id&quot;:&quot;&quot;,&quot;size&quot;:&quot;&quot;},&quot;jet_parallax_layout_speed&quot;:{&quot;unit&quot;:&quot;%&quot;,&quot;size&quot;:50,&quot;sizes&quot;:[]},&quot;jet_parallax_layout_type&quot;:&quot;scroll&quot;,&quot;jet_parallax_layout_direction&quot;:&quot;1&quot;,&quot;jet_parallax_layout_fx_direction&quot;:null,&quot;jet_parallax_layout_z_index&quot;:&quot;&quot;,&quot;jet_parallax_layout_bg_x&quot;:50,&quot;jet_parallax_layout_bg_x_tablet&quot;:&quot;&quot;,&quot;jet_parallax_layout_bg_x_mobile&quot;:&quot;&quot;,&quot;jet_parallax_layout_bg_y&quot;:50,&quot;jet_parallax_layout_bg_y_tablet&quot;:&quot;&quot;,&quot;jet_parallax_layout_bg_y_mobile&quot;:&quot;&quot;,&quot;jet_parallax_layout_bg_size&quot;:&quot;auto&quot;,&quot;jet_parallax_layout_bg_size_tablet&quot;:&quot;&quot;,&quot;jet_parallax_layout_bg_size_mobile&quot;:&quot;&quot;,&quot;jet_parallax_layout_animation_prop&quot;:&quot;transform&quot;,&quot;jet_parallax_layout_on&quot;:[&quot;desktop&quot;,&quot;tablet&quot;]}],&quot;background_background&quot;:&quot;classic&quot;}\">\n\t\t\t\t\t\t<div class=\"elementor-container elementor-column-gap-no\">\n\t\t\t\t\t<div class=\"elementor-column elementor-col-100 elementor-inner-column elementor-element elementor-element-c11e767\" data-id=\"c11e767\" data-element_type=\"column\" data-e-type=\"column\">\n\t\t\t<div class=\"elementor-widget-wrap elementor-element-populated\">\n\t\t\t\t\t\t<div class=\"elementor-element elementor-element-8b0879d elementor-widget elementor-widget-table-of-contents\" data-id=\"8b0879d\" data-element_type=\"widget\" data-e-type=\"widget\" data-settings=\"{&quot;headings_by_tags&quot;:[&quot;h2&quot;],&quot;marker_view&quot;:&quot;bullets&quot;,&quot;icon&quot;:{&quot;value&quot;:&quot;fas fa-chevron-right&quot;,&quot;library&quot;:&quot;fa-solid&quot;},&quot;no_headings_message&quot;:&quot;No headings were found on this page.&quot;,&quot;min_height&quot;:{&quot;unit&quot;:&quot;px&quot;,&quot;size&quot;:&quot;&quot;,&quot;sizes&quot;:[]},&quot;min_height_tablet&quot;:{&quot;unit&quot;:&quot;px&quot;,&quot;size&quot;:&quot;&quot;,&quot;sizes&quot;:[]},&quot;min_height_mobile&quot;:{&quot;unit&quot;:&quot;px&quot;,&quot;size&quot;:&quot;&quot;,&quot;sizes&quot;:[]}}\" data-widget_type=\"table-of-contents.default\">\n\t\t\t\t<div class=\"elementor-widget-container\">\n\t\t\t\t\t\t\t\t\t<div class=\"elementor-toc__header\">\n\t\t\t\t\t\t<h4 class=\"elementor-toc__header-title\">\n\t\t\t\tNesta sec\u00e7\u00e3o\t\t\t<\/h4>\n\t\t\t\t\t\t\t\t<\/div>\n\t\t\t\t<div id=\"elementor-toc__8b0879d\" class=\"elementor-toc__body\">\n\t\t\t<div class=\"elementor-toc__spinner-container\">\n\t\t\t\t<i class=\"elementor-toc__spinner eicon-animation-spin eicon-loading\" aria-hidden=\"true\"><\/i>\t\t\t<\/div>\n\t\t<\/div>\n\t\t\t\t\t\t<\/div>\n\t\t\t\t<\/div>\n\t\t\t\t\t<\/div>\n\t\t<\/div>\n\t\t\t\t\t<\/div>\n\t\t<\/section>\n\t\t\t\t<section class=\"elementor-section elementor-inner-section elementor-element elementor-element-60a0257 sticky-column elementor-hidden-tablet elementor-hidden-phone elementor-section-boxed elementor-section-height-default elementor-section-height-default\" data-id=\"60a0257\" data-element_type=\"section\" data-e-type=\"section\" data-settings=\"{&quot;jet_parallax_layout_list&quot;:[{&quot;jet_parallax_layout_image&quot;:{&quot;url&quot;:&quot;&quot;,&quot;id&quot;:&quot;&quot;,&quot;size&quot;:&quot;&quot;},&quot;_id&quot;:&quot;87539ac&quot;,&quot;jet_parallax_layout_image_tablet&quot;:{&quot;url&quot;:&quot;&quot;,&quot;id&quot;:&quot;&quot;,&quot;size&quot;:&quot;&quot;},&quot;jet_parallax_layout_image_mobile&quot;:{&quot;url&quot;:&quot;&quot;,&quot;id&quot;:&quot;&quot;,&quot;size&quot;:&quot;&quot;},&quot;jet_parallax_layout_speed&quot;:{&quot;unit&quot;:&quot;%&quot;,&quot;size&quot;:50,&quot;sizes&quot;:[]},&quot;jet_parallax_layout_type&quot;:&quot;scroll&quot;,&quot;jet_parallax_layout_direction&quot;:&quot;1&quot;,&quot;jet_parallax_layout_fx_direction&quot;:null,&quot;jet_parallax_layout_z_index&quot;:&quot;&quot;,&quot;jet_parallax_layout_bg_x&quot;:50,&quot;jet_parallax_layout_bg_x_tablet&quot;:&quot;&quot;,&quot;jet_parallax_layout_bg_x_mobile&quot;:&quot;&quot;,&quot;jet_parallax_layout_bg_y&quot;:50,&quot;jet_parallax_layout_bg_y_tablet&quot;:&quot;&quot;,&quot;jet_parallax_layout_bg_y_mobile&quot;:&quot;&quot;,&quot;jet_parallax_layout_bg_size&quot;:&quot;auto&quot;,&quot;jet_parallax_layout_bg_size_tablet&quot;:&quot;&quot;,&quot;jet_parallax_layout_bg_size_mobile&quot;:&quot;&quot;,&quot;jet_parallax_layout_animation_prop&quot;:&quot;transform&quot;,&quot;jet_parallax_layout_on&quot;:[&quot;desktop&quot;,&quot;tablet&quot;]}],&quot;background_background&quot;:&quot;classic&quot;}\">\n\t\t\t\t\t\t<div class=\"elementor-container elementor-column-gap-no\">\n\t\t\t\t\t<div class=\"elementor-column elementor-col-100 elementor-inner-column elementor-element elementor-element-ce8acbe\" data-id=\"ce8acbe\" data-element_type=\"column\" data-e-type=\"column\">\n\t\t\t<div class=\"elementor-widget-wrap elementor-element-populated\">\n\t\t\t\t\t\t<div class=\"elementor-element elementor-element-55fa575 elementor-widget elementor-widget-spacer\" data-id=\"55fa575\" data-element_type=\"widget\" data-e-type=\"widget\" data-widget_type=\"spacer.default\">\n\t\t\t\t<div class=\"elementor-widget-container\">\n\t\t\t\t\t\t\t<div class=\"elementor-spacer\">\n\t\t\t<div class=\"elementor-spacer-inner\"><\/div>\n\t\t<\/div>\n\t\t\t\t\t\t<\/div>\n\t\t\t\t<\/div>\n\t\t\t\t<div class=\"elementor-element elementor-element-0d862fa elementor-widget elementor-widget-heading\" data-id=\"0d862fa\" data-element_type=\"widget\" data-e-type=\"widget\" data-widget_type=\"heading.default\">\n\t\t\t\t<div class=\"elementor-widget-container\">\n\t\t\t\t\t<h5 class=\"elementor-heading-title elementor-size-default\">Postagens Relacionadas<\/h5>\t\t\t\t<\/div>\n\t\t\t\t<\/div>\n\t\t\t\t<div class=\"elementor-element elementor-element-5c99450 elementor-widget elementor-widget-jet-listing-grid\" data-id=\"5c99450\" data-element_type=\"widget\" data-e-type=\"widget\" data-settings=\"{&quot;columns&quot;:&quot;1&quot;}\" data-widget_type=\"jet-listing-grid.default\">\n\t\t\t\t<div class=\"elementor-widget-container\">\n\t\t\t\t\t<div class=\"jet-listing-grid jet-listing\"><div class=\"jet-listing-not-found jet-listing-grid__items\" data-nav=\"{&quot;enabled&quot;:false,&quot;type&quot;:null,&quot;more_el&quot;:null,&quot;query&quot;:[],&quot;widget_settings&quot;:{&quot;lisitng_id&quot;:3204,&quot;posts_num&quot;:3,&quot;columns&quot;:1,&quot;columns_tablet&quot;:1,&quot;columns_mobile&quot;:1,&quot;column_min_width&quot;:240,&quot;column_min_width_tablet&quot;:240,&quot;column_min_width_mobile&quot;:240,&quot;inline_columns_css&quot;:false,&quot;is_archive_template&quot;:&quot;&quot;,&quot;post_status&quot;:[&quot;publish&quot;],&quot;use_random_posts_num&quot;:&quot;&quot;,&quot;max_posts_num&quot;:9,&quot;not_found_message&quot;:&quot;&quot;,&quot;is_masonry&quot;:false,&quot;equal_columns_height&quot;:&quot;&quot;,&quot;use_load_more&quot;:&quot;&quot;,&quot;load_more_id&quot;:&quot;&quot;,&quot;load_more_type&quot;:&quot;click&quot;,&quot;load_more_offset&quot;:{&quot;unit&quot;:&quot;px&quot;,&quot;size&quot;:0,&quot;sizes&quot;:[]},&quot;use_custom_post_types&quot;:&quot;&quot;,&quot;custom_post_types&quot;:[],&quot;hide_widget_if&quot;:&quot;&quot;,&quot;carousel_enabled&quot;:&quot;&quot;,&quot;slides_to_scroll&quot;:&quot;1&quot;,&quot;arrows&quot;:&quot;true&quot;,&quot;arrow_icon&quot;:&quot;fa fa-angle-left&quot;,&quot;dots&quot;:&quot;&quot;,&quot;autoplay&quot;:&quot;true&quot;,&quot;pause_on_hover&quot;:&quot;true&quot;,&quot;autoplay_speed&quot;:5000,&quot;infinite&quot;:&quot;true&quot;,&quot;center_mode&quot;:&quot;&quot;,&quot;effect&quot;:&quot;slide&quot;,&quot;speed&quot;:500,&quot;inject_alternative_items&quot;:&quot;&quot;,&quot;injection_items&quot;:[],&quot;scroll_slider_enabled&quot;:&quot;&quot;,&quot;scroll_slider_on&quot;:[&quot;desktop&quot;,&quot;tablet&quot;,&quot;mobile&quot;],&quot;custom_query&quot;:false,&quot;custom_query_id&quot;:&quot;&quot;,&quot;_element_id&quot;:&quot;&quot;,&quot;collapse_first_last_gap&quot;:false,&quot;list_tag_selection&quot;:&quot;&quot;,&quot;list_items_wrapper_tag&quot;:&quot;div&quot;,&quot;list_item_tag&quot;:&quot;div&quot;,&quot;empty_items_wrapper_tag&quot;:&quot;div&quot;}}\" data-listing-source=\"posts\" data-listing-id=\"3204\" data-query-id=\"\" data-queried-id=\"3688|WP_Post\">\t\t<div data-elementor-type=\"page\" data-elementor-id=\"22110\" class=\"elementor elementor-22110\" data-elementor-post-type=\"elementor_library\">\n\t\t\t\t\t\t<section class=\"elementor-section elementor-top-section elementor-element elementor-element-7ccb2748 elementor-section-boxed elementor-section-height-default elementor-section-height-default\" data-id=\"7ccb2748\" data-element_type=\"section\" data-e-type=\"section\" data-settings=\"{&quot;jet_parallax_layout_list&quot;:[{&quot;jet_parallax_layout_image&quot;:{&quot;url&quot;:&quot;&quot;,&quot;id&quot;:&quot;&quot;,&quot;size&quot;:&quot;&quot;},&quot;_id&quot;:&quot;5369b3f&quot;,&quot;jet_parallax_layout_image_tablet&quot;:{&quot;url&quot;:&quot;&quot;,&quot;id&quot;:&quot;&quot;,&quot;size&quot;:&quot;&quot;},&quot;jet_parallax_layout_image_mobile&quot;:{&quot;url&quot;:&quot;&quot;,&quot;id&quot;:&quot;&quot;,&quot;size&quot;:&quot;&quot;},&quot;jet_parallax_layout_speed&quot;:{&quot;unit&quot;:&quot;%&quot;,&quot;size&quot;:50,&quot;sizes&quot;:[]},&quot;jet_parallax_layout_type&quot;:&quot;scroll&quot;,&quot;jet_parallax_layout_direction&quot;:&quot;1&quot;,&quot;jet_parallax_layout_fx_direction&quot;:null,&quot;jet_parallax_layout_z_index&quot;:&quot;&quot;,&quot;jet_parallax_layout_bg_x&quot;:50,&quot;jet_parallax_layout_bg_y&quot;:50,&quot;jet_parallax_layout_bg_size&quot;:&quot;auto&quot;,&quot;jet_parallax_layout_animation_prop&quot;:&quot;transform&quot;,&quot;jet_parallax_layout_on&quot;:[&quot;desktop&quot;,&quot;tablet&quot;],&quot;jet_parallax_layout_bg_x_tablet&quot;:&quot;&quot;,&quot;jet_parallax_layout_bg_x_mobile&quot;:&quot;&quot;,&quot;jet_parallax_layout_bg_y_tablet&quot;:&quot;&quot;,&quot;jet_parallax_layout_bg_y_mobile&quot;:&quot;&quot;,&quot;jet_parallax_layout_bg_size_tablet&quot;:&quot;&quot;,&quot;jet_parallax_layout_bg_size_mobile&quot;:&quot;&quot;}]}\">\n\t\t\t\t\t\t<div class=\"elementor-container elementor-column-gap-default\">\n\t\t\t\t\t<div class=\"elementor-column elementor-col-100 elementor-top-column elementor-element elementor-element-35ebd25c\" data-id=\"35ebd25c\" data-element_type=\"column\" data-e-type=\"column\">\n\t\t\t<div class=\"elementor-widget-wrap elementor-element-populated\">\n\t\t\t\t\t\t<div class=\"elementor-element elementor-element-480f481f elementor-widget elementor-widget-jet-listing-grid\" data-id=\"480f481f\" data-element_type=\"widget\" data-e-type=\"widget\" data-settings=\"{&quot;columns&quot;:&quot;1&quot;}\" data-widget_type=\"jet-listing-grid.default\">\n\t\t\t\t<div class=\"elementor-widget-container\">\n\t\t\t\t\t<div class=\"jet-listing-notice\">Please select another listing to show to avoid recursion.<\/div>\t\t\t\t<\/div>\n\t\t\t\t<\/div>\n\t\t\t\t\t<\/div>\n\t\t<\/div>\n\t\t\t\t\t<\/div>\n\t\t<\/section>\n\t\t\t\t<\/div>\n\t\t<\/div><style>.elementor-22110 .elementor-element.elementor-element-7ccb2748 .elementor-repeater-item-5369b3f.jet-parallax-section__layout .jet-parallax-section__image{background-size:auto;}.elementor-22110 .elementor-element.elementor-element-35ebd25c > .elementor-element-populated{text-align:start;}.elementor-22110 .elementor-element.elementor-element-480f481f > .elementor-widget-container > .jet-listing-grid > .jet-listing-grid__items, .elementor-22110 .elementor-element.elementor-element-480f481f > .jet-listing-grid > .jet-listing-grid__items{--columns:1;}:root{--page-title-display:none;}\/* Start custom CSS for jet-listing-grid, class: .elementor-element-480f481f *\/.elementor-page-title {\r\n    display: block;\r\n}\/* End custom CSS *\/\n\/* Start custom CSS for jet-listing-grid, class: .elementor-element-480f481f *\/.elementor-page-title {\r\n    display: block;\r\n}\/* End custom CSS *\/<\/style><\/div>\t\t\t\t<\/div>\n\t\t\t\t<\/div>\n\t\t\t\t\t<\/div>\n\t\t<\/div>\n\t\t\t\t\t<\/div>\n\t\t<\/section>\n\t\t\t\t<section class=\"elementor-section elementor-inner-section elementor-element elementor-element-cc01390 elementor-hidden-tablet elementor-hidden-phone elementor-section-boxed elementor-section-height-default elementor-section-height-default\" data-id=\"cc01390\" data-element_type=\"section\" data-e-type=\"section\" id=\"main-navigation\" data-settings=\"{&quot;jet_parallax_layout_list&quot;:[{&quot;jet_parallax_layout_image&quot;:{&quot;url&quot;:&quot;&quot;,&quot;id&quot;:&quot;&quot;,&quot;size&quot;:&quot;&quot;},&quot;_id&quot;:&quot;87539ac&quot;,&quot;jet_parallax_layout_image_tablet&quot;:{&quot;url&quot;:&quot;&quot;,&quot;id&quot;:&quot;&quot;,&quot;size&quot;:&quot;&quot;},&quot;jet_parallax_layout_image_mobile&quot;:{&quot;url&quot;:&quot;&quot;,&quot;id&quot;:&quot;&quot;,&quot;size&quot;:&quot;&quot;},&quot;jet_parallax_layout_speed&quot;:{&quot;unit&quot;:&quot;%&quot;,&quot;size&quot;:50,&quot;sizes&quot;:[]},&quot;jet_parallax_layout_type&quot;:&quot;scroll&quot;,&quot;jet_parallax_layout_direction&quot;:&quot;1&quot;,&quot;jet_parallax_layout_fx_direction&quot;:null,&quot;jet_parallax_layout_z_index&quot;:&quot;&quot;,&quot;jet_parallax_layout_bg_x&quot;:50,&quot;jet_parallax_layout_bg_x_tablet&quot;:&quot;&quot;,&quot;jet_parallax_layout_bg_x_mobile&quot;:&quot;&quot;,&quot;jet_parallax_layout_bg_y&quot;:50,&quot;jet_parallax_layout_bg_y_tablet&quot;:&quot;&quot;,&quot;jet_parallax_layout_bg_y_mobile&quot;:&quot;&quot;,&quot;jet_parallax_layout_bg_size&quot;:&quot;auto&quot;,&quot;jet_parallax_layout_bg_size_tablet&quot;:&quot;&quot;,&quot;jet_parallax_layout_bg_size_mobile&quot;:&quot;&quot;,&quot;jet_parallax_layout_animation_prop&quot;:&quot;transform&quot;,&quot;jet_parallax_layout_on&quot;:[&quot;desktop&quot;,&quot;tablet&quot;]}],&quot;background_background&quot;:&quot;classic&quot;}\">\n\t\t\t\t\t\t<div class=\"elementor-container elementor-column-gap-no\">\n\t\t\t\t\t<div class=\"elementor-column elementor-col-100 elementor-inner-column elementor-element elementor-element-dc1922c\" data-id=\"dc1922c\" data-element_type=\"column\" data-e-type=\"column\">\n\t\t\t<div class=\"elementor-widget-wrap elementor-element-populated\">\n\t\t\t\t\t\t<div class=\"elementor-element elementor-element-a7d5f96 elementor-widget elementor-widget-table-of-contents\" data-id=\"a7d5f96\" data-element_type=\"widget\" data-e-type=\"widget\" data-settings=\"{&quot;headings_by_tags&quot;:[&quot;h2&quot;],&quot;marker_view&quot;:&quot;bullets&quot;,&quot;icon&quot;:{&quot;value&quot;:&quot;fas fa-chevron-right&quot;,&quot;library&quot;:&quot;fa-solid&quot;},&quot;no_headings_message&quot;:&quot;No headings were found on this page.&quot;,&quot;min_height&quot;:{&quot;unit&quot;:&quot;px&quot;,&quot;size&quot;:&quot;&quot;,&quot;sizes&quot;:[]},&quot;min_height_tablet&quot;:{&quot;unit&quot;:&quot;px&quot;,&quot;size&quot;:&quot;&quot;,&quot;sizes&quot;:[]},&quot;min_height_mobile&quot;:{&quot;unit&quot;:&quot;px&quot;,&quot;size&quot;:&quot;&quot;,&quot;sizes&quot;:[]}}\" data-widget_type=\"table-of-contents.default\">\n\t\t\t\t<div class=\"elementor-widget-container\">\n\t\t\t\t\t\t\t\t\t<div class=\"elementor-toc__header\">\n\t\t\t\t\t\t<h4 class=\"elementor-toc__header-title\">\n\t\t\t\tNesta sec\u00e7\u00e3o\t\t\t<\/h4>\n\t\t\t\t\t\t\t\t<\/div>\n\t\t\t\t<div id=\"elementor-toc__a7d5f96\" class=\"elementor-toc__body\">\n\t\t\t<div class=\"elementor-toc__spinner-container\">\n\t\t\t\t<i class=\"elementor-toc__spinner eicon-animation-spin eicon-loading\" aria-hidden=\"true\"><\/i>\t\t\t<\/div>\n\t\t<\/div>\n\t\t\t\t\t\t<\/div>\n\t\t\t\t<\/div>\n\t\t\t\t\t<\/div>\n\t\t<\/div>\n\t\t\t\t\t<\/div>\n\t\t<\/section>\n\t\t\t\t\t<\/div>\n\t\t<\/div>\n\t\t\t\t<div class=\"elementor-column elementor-col-33 elementor-top-column elementor-element elementor-element-a1bbc9b elementor-hidden-tablet elementor-hidden-phone\" data-id=\"a1bbc9b\" data-element_type=\"column\" data-e-type=\"column\">\n\t\t\t<div class=\"elementor-widget-wrap\">\n\t\t\t\t\t\t\t<\/div>\n\t\t<\/div>\n\t\t\t\t<div class=\"elementor-column elementor-col-33 elementor-top-column elementor-element elementor-element-18c77c0 page-health\" data-id=\"18c77c0\" data-element_type=\"column\" data-e-type=\"column\">\n\t\t\t<div class=\"elementor-widget-wrap elementor-element-populated\">\n\t\t\t\t\t\t<div class=\"elementor-element elementor-element-93b4c45 elementor-widget elementor-widget-spacer\" data-id=\"93b4c45\" data-element_type=\"widget\" data-e-type=\"widget\" data-widget_type=\"spacer.default\">\n\t\t\t\t<div class=\"elementor-widget-container\">\n\t\t\t\t\t\t\t<div class=\"elementor-spacer\">\n\t\t\t<div class=\"elementor-spacer-inner\"><\/div>\n\t\t<\/div>\n\t\t\t\t\t\t<\/div>\n\t\t\t\t<\/div>\n\t\t\t\t<div class=\"elementor-element elementor-element-3feddb6 elementor-widget elementor-widget-jet-breadcrumbs\" data-id=\"3feddb6\" data-element_type=\"widget\" data-e-type=\"widget\" data-widget_type=\"jet-breadcrumbs.default\">\n\t\t\t\t<div class=\"elementor-widget-container\">\n\t\t\t\t\t<div class=\"elementor-jet-breadcrumbs jet-blocks\">\n\t\t<div class=\"jet-breadcrumbs\">\n\t\t<div class=\"jet-breadcrumbs__content\">\n\t\t<div class=\"jet-breadcrumbs__wrap\"><div class=\"jet-breadcrumbs__item\"><a href=\"https:\/\/www.neuraxpharm.com\/pt\/\" class=\"jet-breadcrumbs__item-link is-home\" rel=\"home\" title=\"Neuraxpharm\">Neuraxpharm <\/a><\/div>\n\t\t<\/div>\n\t\t<\/div>\n\t\t<\/div><\/div>\t\t\t\t<\/div>\n\t\t\t\t<\/div>\n\t\t\t\t<div class=\"elementor-element elementor-element-90283e7 elementor-widget elementor-widget-text-editor\" data-id=\"90283e7\" data-element_type=\"widget\" data-e-type=\"widget\" data-widget_type=\"text-editor.default\">\n\t\t\t\t<div class=\"elementor-widget-container\">\n\t\t\t\t\t\t\t\t\t<p>A dem\u00eancia afeta principalmente pessoas mais idosas e \u00e9 causada por diferentes doen\u00e7as que afetam a mem\u00f3ria e a fun\u00e7\u00e3o cerebral. Aprenda mais sobre os principais tipos de dem\u00eancia, os sintomas mais comuns e o que pode fazer para a prevenir.<\/p><p>Na Neuraxpharm desenvolvemos alternativas farmacol\u00f3gicas para a dem\u00eancia. Uma vez que o seu m\u00e9dico tenha determinado as suas necessidades espec\u00edficas, pode prescrever o produto que melhor se adapta \u00e0s suas necessidades e condi\u00e7\u00e3o.<\/p>\t\t\t\t\t\t\t\t<\/div>\n\t\t\t\t<\/div>\n\t\t\t\t<div class=\"elementor-element elementor-element-7c27b39 no_in_this_section elementor-widget elementor-widget-heading\" data-id=\"7c27b39\" data-element_type=\"widget\" data-e-type=\"widget\" data-widget_type=\"heading.default\">\n\t\t\t\t<div class=\"elementor-widget-container\">\n\t\t\t\t\t<h2 class=\"elementor-heading-title elementor-size-default\">O que \u00e9 a dem\u00eancia?\n<\/h2>\t\t\t\t<\/div>\n\t\t\t\t<\/div>\n\t\t\t\t<div class=\"elementor-element elementor-element-9695e39 elementor-widget elementor-widget-text-editor\" data-id=\"9695e39\" data-element_type=\"widget\" data-e-type=\"widget\" data-widget_type=\"text-editor.default\">\n\t\t\t\t<div class=\"elementor-widget-container\">\n\t\t\t\t\t\t\t\t\t<p>Dem\u00eancia \u00e9 um termo amplo usado para descrever muitas doen\u00e7as diferentes que afetam o c\u00e9rebro, causando um decl\u00ednio na fun\u00e7\u00e3o cognitiva al\u00e9m do que se considera envelhecimento normal. A palavra dem\u00eancia refere-se a um conjunto de sintomas comuns que incluem a perda de mem\u00f3ria e dificuldades com outras habilidades cognitivas, como a linguagem, resolu\u00e7\u00e3o de problemas e tomada de decis\u00f5es; no entanto, os sintomas podem variar muito entre as diferentes tipos de dem\u00eancia. \u00c0s vezes, as pessoas com dem\u00eancia tamb\u00e9m exibem mudan\u00e7as de humor e de comportamento.\u00a0<\/p><p>Embora a dem\u00eancia possa afetar pessoas mais jovens, afeta principalmente pessoas mais idosas e \u00e9 uma das principais causas globais de defici\u00eancia e depend\u00eancia entre os idosos. No entanto, n\u00e3o faz parte do envelhecimento normal e pode ter um s\u00e9rio impacto no estilo de vida das pessoas diagnosticadas e dos seus familiares e cuidadores.<\/p>\t\t\t\t\t\t\t\t<\/div>\n\t\t\t\t<\/div>\n\t\t\t\t<div class=\"elementor-element elementor-element-6e5b93b elementor-widget elementor-widget-heading\" data-id=\"6e5b93b\" data-element_type=\"widget\" data-e-type=\"widget\" data-widget_type=\"heading.default\">\n\t\t\t\t<div class=\"elementor-widget-container\">\n\t\t\t\t\t<h3 class=\"elementor-heading-title elementor-size-default\">Quais s\u00e3o os principais tipos de dem\u00eancia?\n\n<\/h3>\t\t\t\t<\/div>\n\t\t\t\t<\/div>\n\t\t\t\t<div class=\"elementor-element elementor-element-0290972 elementor-widget elementor-widget-heading\" data-id=\"0290972\" data-element_type=\"widget\" data-e-type=\"widget\" data-widget_type=\"heading.default\">\n\t\t\t\t<div class=\"elementor-widget-container\">\n\t\t\t\t\t<h4 class=\"elementor-heading-title elementor-size-default\">Existem muitos tipos diferentes de dem\u00eancia. Estes s\u00e3o alguns dos mais comuns:\n<\/h4>\t\t\t\t<\/div>\n\t\t\t\t<\/div>\n\t\t\t\t<div class=\"elementor-element elementor-element-9d7e3ec lista_1 elementor-widget elementor-widget-text-editor\" data-id=\"9d7e3ec\" data-element_type=\"widget\" data-e-type=\"widget\" data-widget_type=\"text-editor.default\">\n\t\t\t\t<div class=\"elementor-widget-container\">\n\t\t\t\t\t\t\t\t\t<ul><li><b>Doen\u00e7a de Alzheimer:<\/b> \u00e9 a forma mais comum de dem\u00eancia, considerada respons\u00e1vel por 60-70% dos casos e geralmente afeta pessoas com mais de 65 anos de idade.<\/li><li><b>Dem\u00eancia vascular:<\/b> \u00e9 a segunda forma mais comum de dem\u00eancia na faixa et\u00e1ria acima dos 65 anos.<\/li><li><b>Dem\u00eancia frontotemporal:<\/b> \u00e9 causada pela morte de neur\u00f3nios e altera\u00e7\u00e3o das vias nos lobos frontal e temporal do c\u00e9rebro, \u00e9 mais prov\u00e1vel que seja diagnosticada em pessoas com menos de 65 anos de idade.<\/li><li><b>Dem\u00eancia mista:<\/b> quando mais de um tipo de dem\u00eancia ocorre ao mesmo tempo, o que \u00e9 conhecido como dem\u00eancia mista. Este \u00e9 principalmente o caso da doen\u00e7a de Alzheimer e da dem\u00eancia vascular, e \u00e9 mais prov\u00e1vel em pessoas com mais de 75 anos de idade.<\/li><li><b>Dem\u00eancia de corpos de Lewy: <\/b>doen\u00e7a progressiva que afeta a capacidade de pensar e se mover, podendo afetar cerca de 10-15% das pessoas com dem\u00eancia.<\/li><\/ul><ul><li><b>Dem\u00eancia de Parkinson: <\/b>se o in\u00edcio da dem\u00eancia ocorre um ano ou mais ap\u00f3s o in\u00edcio dos sintomas motores associados \u00e0 doen\u00e7a de Parkinson, \u00e9 chamada de dem\u00eancia de Parkinson. Se os sintomas de dem\u00eancia aparecerem antes ou ao mesmo tempo que os de Parkinson, \u00e9 chamada de dem\u00eancia de corpos de Lewy.<\/li><\/ul><ul><li><b>Outras:<\/b> a dem\u00eancia de in\u00edcio jovem, tamb\u00e9m conhecida como dem\u00eancia de &#8220;in\u00edcio precoce&#8221; ou &#8220;em idade produtiva&#8221;, refere-se \u00e0 dem\u00eancia diagnosticada antes dos 65 anos.<\/li><\/ul>\t\t\t\t\t\t\t\t<\/div>\n\t\t\t\t<\/div>\n\t\t\t\t<div class=\"elementor-element elementor-element-ef9b9bc elementor-widget elementor-widget-heading\" data-id=\"ef9b9bc\" data-element_type=\"widget\" data-e-type=\"widget\" data-widget_type=\"heading.default\">\n\t\t\t\t<div class=\"elementor-widget-container\">\n\t\t\t\t\t<h3 class=\"elementor-heading-title elementor-size-default\">Quantas pessoas t\u00eam dem\u00eancia?<\/h3>\t\t\t\t<\/div>\n\t\t\t\t<\/div>\n\t\t\t\t<div class=\"elementor-element elementor-element-1c90f4e elementor-widget elementor-widget-text-editor\" data-id=\"1c90f4e\" data-element_type=\"widget\" data-e-type=\"widget\" data-widget_type=\"text-editor.default\">\n\t\t\t\t<div class=\"elementor-widget-container\">\n\t\t\t\t\t\t\t\t\t<p>A Organiza\u00e7\u00e3o Mundial da Sa\u00fade (OMS) afirma que cerca de 50 milh\u00f5es de pessoas sofrem de dem\u00eancia em todo o mundo, com quase 10 milh\u00f5es de novos casos a cada ano. Na Europa, cerca de 10 milh\u00f5es de pessoas est\u00e3o atualmente diagnosticadas com dem\u00eancia e este n\u00famero deve atingir o dobro at\u00e9 2030.<\/p>\t\t\t\t\t\t\t\t<\/div>\n\t\t\t\t<\/div>\n\t\t\t\t<div class=\"elementor-element elementor-element-e0c5f42 elementor-widget elementor-widget-heading\" data-id=\"e0c5f42\" data-element_type=\"widget\" data-e-type=\"widget\" data-widget_type=\"heading.default\">\n\t\t\t\t<div class=\"elementor-widget-container\">\n\t\t\t\t\t<h2 class=\"elementor-heading-title elementor-size-default\">Sintomas<\/h2>\t\t\t\t<\/div>\n\t\t\t\t<\/div>\n\t\t\t\t<div class=\"elementor-element elementor-element-cf2b926 elementor-widget elementor-widget-text-editor\" data-id=\"cf2b926\" data-element_type=\"widget\" data-e-type=\"widget\" data-widget_type=\"text-editor.default\">\n\t\t\t\t<div class=\"elementor-widget-container\">\n\t\t\t\t\t\t\t\t\t<p>Os sintomas espec\u00edficos que as pessoas com dem\u00eancia apresentam dependem da doen\u00e7a que a causa e das partes do c\u00e9rebro afetadas.<\/p>\t\t\t\t\t\t\t\t<\/div>\n\t\t\t\t<\/div>\n\t\t\t\t<div class=\"elementor-element elementor-element-63ceac9 elementor-widget elementor-widget-heading\" data-id=\"63ceac9\" data-element_type=\"widget\" data-e-type=\"widget\" data-widget_type=\"heading.default\">\n\t\t\t\t<div class=\"elementor-widget-container\">\n\t\t\t\t\t<h3 class=\"elementor-heading-title elementor-size-default\">Quais s\u00e3o os sintomas da dem\u00eancia?<\/h3>\t\t\t\t<\/div>\n\t\t\t\t<\/div>\n\t\t\t\t<div class=\"elementor-element elementor-element-2e57465 elementor-widget elementor-widget-text-editor\" data-id=\"2e57465\" data-element_type=\"widget\" data-e-type=\"widget\" data-widget_type=\"text-editor.default\">\n\t\t\t\t<div class=\"elementor-widget-container\">\n\t\t\t\t\t\t\t\t\t<p>A perda de mem\u00f3ria \u00e9 um dos sintomas mais comuns &#8211; e mais reconhecidos &#8211; da dem\u00eancia, mas existem muitos outros sinais a serem observados.\u00a0<\/p>\t\t\t\t\t\t\t\t<\/div>\n\t\t\t\t<\/div>\n\t\t\t\t<div class=\"elementor-element elementor-element-709d087 elementor-widget elementor-widget-heading\" data-id=\"709d087\" data-element_type=\"widget\" data-e-type=\"widget\" data-widget_type=\"heading.default\">\n\t\t\t\t<div class=\"elementor-widget-container\">\n\t\t\t\t\t<h4 class=\"elementor-heading-title elementor-size-default\">Os sintomas t\u00edpicos podem incluir:\n<\/h4>\t\t\t\t<\/div>\n\t\t\t\t<\/div>\n\t\t\t\t<div class=\"elementor-element elementor-element-30229f9 lista_1 elementor-widget elementor-widget-text-editor\" data-id=\"30229f9\" data-element_type=\"widget\" data-e-type=\"widget\" data-widget_type=\"text-editor.default\">\n\t\t\t\t<div class=\"elementor-widget-container\">\n\t\t\t\t\t\t\t\t\t<ul><li>Perda de mem\u00f3ria: por exemplo, fazer repetidamente a mesma pergunta ou esquecer onde as coisas s\u00e3o guardadas.<\/li><li>Problemas de linguagem, como esquecer palavras simples a meio de uma conversa.<\/li><li>Problemas de orienta\u00e7\u00e3o: perder-se fora ou em casa.<\/li><li>Dificuldades em tomar decis\u00f5es.<\/li><li>Incapacidade de realizar tarefas quotidianas, como cozinhar uma refei\u00e7\u00e3o.<\/li><li>Mudan\u00e7as de personalidade: por exemplo, exibir altera\u00e7\u00f5es de humor, paran\u00f3ia ou depress\u00e3o.<\/li><li>\u00a0<\/li><\/ul>\t\t\t\t\t\t\t\t<\/div>\n\t\t\t\t<\/div>\n\t\t\t\t<div class=\"elementor-element elementor-element-9bc1124 elementor-widget elementor-widget-heading\" data-id=\"9bc1124\" data-element_type=\"widget\" data-e-type=\"widget\" data-widget_type=\"heading.default\">\n\t\t\t\t<div class=\"elementor-widget-container\">\n\t\t\t\t\t<h3 class=\"elementor-heading-title elementor-size-default\">Quais s\u00e3o os est\u00e1gios da dem\u00eancia?\n<\/h3>\t\t\t\t<\/div>\n\t\t\t\t<\/div>\n\t\t\t\t<div class=\"elementor-element elementor-element-825b86d elementor-widget elementor-widget-text-editor\" data-id=\"825b86d\" data-element_type=\"widget\" data-e-type=\"widget\" data-widget_type=\"text-editor.default\">\n\t\t\t\t<div class=\"elementor-widget-container\">\n\t\t\t\t\t\t\t\t\t<p>Se algu\u00e9m sofre de problemas persistentes de mem\u00f3ria que sejam considerados maiores do que o esperado para sua idade, mas ainda \u00e9 capaz de continuar com as atividades di\u00e1rias, isso \u00e9 conhecido como d\u00e9fice cognitivo ligeiro (DCL). Embora as pessoas com DCL frequentemente desenvolvam Alzheimer ou outra forma de dem\u00eancia, o mesmo n\u00e3o se aplica a todas as pessoas com DCL. Esta fase \u00e9 tamb\u00e9m chamada a fase prodr\u00f3mica.<\/p><p>O in\u00edcio da dem\u00eancia pode ent\u00e3o ser dividido em tr\u00eas fases: precoce, intermedi\u00e1ria e tardia.\u00a0<\/p>\t\t\t\t\t\t\t\t<\/div>\n\t\t\t\t<\/div>\n\t\t\t\t<div class=\"elementor-element elementor-element-41a878b elementor-widget elementor-widget-heading\" data-id=\"41a878b\" data-element_type=\"widget\" data-e-type=\"widget\" data-widget_type=\"heading.default\">\n\t\t\t\t<div class=\"elementor-widget-container\">\n\t\t\t\t\t<h4 class=\"elementor-heading-title elementor-size-default\">1. Fase inicial\n<\/h4>\t\t\t\t<\/div>\n\t\t\t\t<\/div>\n\t\t\t\t<div class=\"elementor-element elementor-element-2db641a elementor-widget elementor-widget-text-editor\" data-id=\"2db641a\" data-element_type=\"widget\" data-e-type=\"widget\" data-widget_type=\"text-editor.default\">\n\t\t\t\t<div class=\"elementor-widget-container\">\n\t\t\t\t\t\t\t\t\t<p>Muitas formas de dem\u00eancia s\u00e3o progressivas; portanto, os primeiros sinais de dem\u00eancia s\u00e3o geralmente bastante subtis e pioram gradualmente com o tempo. No in\u00edcio, os sintomas podem incluir a perda de mem\u00f3ria e da no\u00e7\u00e3o do tempo, embora muitas vezes sejam negligenciados ou descartados como sinais normais de envelhecimento.<\/p>\t\t\t\t\t\t\t\t<\/div>\n\t\t\t\t<\/div>\n\t\t\t\t<div class=\"elementor-element elementor-element-626958f elementor-widget elementor-widget-heading\" data-id=\"626958f\" data-element_type=\"widget\" data-e-type=\"widget\" data-widget_type=\"heading.default\">\n\t\t\t\t<div class=\"elementor-widget-container\">\n\t\t\t\t\t<h4 class=\"elementor-heading-title elementor-size-default\">2. Fase intermedi\u00e1ria\n<\/h4>\t\t\t\t<\/div>\n\t\t\t\t<\/div>\n\t\t\t\t<div class=\"elementor-element elementor-element-f6c3e07 elementor-widget elementor-widget-text-editor\" data-id=\"f6c3e07\" data-element_type=\"widget\" data-e-type=\"widget\" data-widget_type=\"text-editor.default\">\n\t\t\t\t<div class=\"elementor-widget-container\">\n\t\t\t\t\t\t\t\t\t<p>Na fase interm\u00e9dia, os sintomas tornam-se mais percet\u00edveis, como por exemplo, esquecer os nomes das pessoas ou perder-se dentro de casa. Tarefas quotidianas, como se vestir ou fazer comida, podem ser excessivas, e mudan\u00e7as de comportamento, como andar de um lado para o outro sem motivo ou ser paran\u00f3ico, tamb\u00e9m podem ser mais frequentes.<\/p>\t\t\t\t\t\t\t\t<\/div>\n\t\t\t\t<\/div>\n\t\t\t\t<div class=\"elementor-element elementor-element-4e10ab4 elementor-widget elementor-widget-heading\" data-id=\"4e10ab4\" data-element_type=\"widget\" data-e-type=\"widget\" data-widget_type=\"heading.default\">\n\t\t\t\t<div class=\"elementor-widget-container\">\n\t\t\t\t\t<h4 class=\"elementor-heading-title elementor-size-default\">3. Fase tardia\n\n<\/h4>\t\t\t\t<\/div>\n\t\t\t\t<\/div>\n\t\t\t\t<div class=\"elementor-element elementor-element-ff4c3d4 elementor-widget elementor-widget-text-editor\" data-id=\"ff4c3d4\" data-element_type=\"widget\" data-e-type=\"widget\" data-widget_type=\"text-editor.default\">\n\t\t\t\t<div class=\"elementor-widget-container\">\n\t\t\t\t\t\t\t\t\t<p>A fase tardia da dem\u00eancia \u00e9 mais acentuada, muitas vezes levando uma pessoa a ser muito dependente e inativa. Eles podem n\u00e3o reconhecer os seus entes queridos, perder a no\u00e7\u00e3o de tempo ou lugar e ter dificuldades a andar e comunicar. Nessa fase, as pessoas com dem\u00eancia geralmente precisam de cuidados em tempo integral. Para algumas pessoas, o comportamento pode mudar tanto que sua personalidade parece completamente diferente e este pode ser um dos aspetos mais dif\u00edceis para a fam\u00edlia e amigos.\u00a0<\/p>\t\t\t\t\t\t\t\t<\/div>\n\t\t\t\t<\/div>\n\t\t\t\t<div class=\"elementor-element elementor-element-71efd06 elementor-widget elementor-widget-heading\" data-id=\"71efd06\" data-element_type=\"widget\" data-e-type=\"widget\" data-widget_type=\"heading.default\">\n\t\t\t\t<div class=\"elementor-widget-container\">\n\t\t\t\t\t<h2 class=\"elementor-heading-title elementor-size-default\">Causas, fatores de risco e esperan\u00e7a de vida<\/h2>\t\t\t\t<\/div>\n\t\t\t\t<\/div>\n\t\t\t\t<div class=\"elementor-element elementor-element-9d8a3d0 elementor-widget elementor-widget-text-editor\" data-id=\"9d8a3d0\" data-element_type=\"widget\" data-e-type=\"widget\" data-widget_type=\"text-editor.default\">\n\t\t\t\t<div class=\"elementor-widget-container\">\n\t\t\t\t\t\t\t\t\t<p>Existem v\u00e1rias doen\u00e7as que podem causar dem\u00eancia. Muitos deles est\u00e3o relacionados \u00e0 acumula\u00e7\u00e3o anormal de prote\u00ednas no c\u00e9rebro. Essas prote\u00ednas podem causar a diminui\u00e7\u00e3o no funcionamento das c\u00e9lulas nervosas, reduzindo diferentes \u00e1reas do c\u00e9rebro.<\/p>\t\t\t\t\t\t\t\t<\/div>\n\t\t\t\t<\/div>\n\t\t\t\t<div class=\"elementor-element elementor-element-b29ae2b elementor-widget elementor-widget-heading\" data-id=\"b29ae2b\" data-element_type=\"widget\" data-e-type=\"widget\" data-widget_type=\"heading.default\">\n\t\t\t\t<div class=\"elementor-widget-container\">\n\t\t\t\t\t<h3 class=\"elementor-heading-title elementor-size-default\">O que causa a dem\u00eancia?<\/h3>\t\t\t\t<\/div>\n\t\t\t\t<\/div>\n\t\t\t\t<div class=\"elementor-element elementor-element-f19e25b lista_1 elementor-widget elementor-widget-text-editor\" data-id=\"f19e25b\" data-element_type=\"widget\" data-e-type=\"widget\" data-widget_type=\"text-editor.default\">\n\t\t\t\t<div class=\"elementor-widget-container\">\n\t\t\t\t\t\t\t\t\t<p>Cada caso de dem\u00eancia ocorre de forma diferente:<\/p><ul><li><b>Doen\u00e7a de Alzheimer:<\/b> pensa-se que a doen\u00e7a de Alzheimer seja causada por uma acumula\u00e7\u00e3o de prote\u00ednas no c\u00e9rebro que formam estruturas anormais chamadas &#8220;placas&#8221; e &#8220;emaranhados&#8221;. Os cientistas n\u00e3o sabem exatamente o que causa o in\u00edcio do processo, mas conforme a doen\u00e7a progride, as c\u00e9lulas nervosas s\u00e3o perdidas no c\u00e9rebro, afetando os sinais entre as c\u00e9lulas cerebrais.<\/li><li><b>Dem\u00eancia vascular:<\/b> \u00e9 um termo que inclui um grupo de condi\u00e7\u00f5es causadas por problemas com a circula\u00e7\u00e3o sangu\u00ednea no c\u00e9rebro, nas quais pequenos co\u00e1gulos sangu\u00edneos impedem que o oxig\u00e9nio alcance o tecido cerebral.<\/li><li><b>Dem\u00eancia frontotemporal:<\/b> este \u00e9 outro termo geral que se refere a um grupo de condi\u00e7\u00f5es. Neste caso, \u00e9 causado pela morte de c\u00e9lulas nervosas e vias nos lobos frontal e temporal do c\u00e9rebro. Ocorre a forma\u00e7\u00e3o de prote\u00ednas anormais que interferem na maneira como as c\u00e9lulas cerebrais se comunicam.<\/li><li><b>Dem\u00eancia de corpos de Lewy:<\/b> os corpos de Lewy s\u00e3o agregados anormais de prote\u00ednas que se acumulam em partes do c\u00e9rebro relacionadas \u00e0 capacidade de pensar, ao movimento, estado de alerta e capacidade visual.<\/li><li><b>Dem\u00eancia de Parkinson:<\/b> os sintomas de Parkinson desenvolvem-se quando as c\u00e9lulas nervosas produtoras de dopamina no c\u00e9rebro se esgotam e morrem. Os pesquisadores acreditam que a morte das c\u00e9lulas nervosas est\u00e1 relacionada a uma combina\u00e7\u00e3o de fatores et\u00e1rios, gen\u00e9ticos e ambientais, como por exemplo, a exposi\u00e7\u00e3o a certos produtos qu\u00edmicos.<\/li><li><b>Outras:<\/b> a dem\u00eancia em pessoas com menos de 65 anos de idade (conhecida como dem\u00eancia de in\u00edcio precoce) pode ser causada por uma s\u00e9rie de doen\u00e7as diferentes. Pessoas mais jovens s\u00e3o mais propensas a ter formas mais raras de dem\u00eancia e tamb\u00e9m s\u00e3o mais propensas a herdar dem\u00eancia do que pessoas mais idosas (embora a probabilidade de herdar dem\u00eancia seja muito baixa).<\/li><\/ul>\t\t\t\t\t\t\t\t<\/div>\n\t\t\t\t<\/div>\n\t\t\t\t<div class=\"elementor-element elementor-element-3fe5bf5 elementor-position-inline-start icon_mini_box elementor-view-default elementor-mobile-position-block-start elementor-widget elementor-widget-icon-box\" data-id=\"3fe5bf5\" data-element_type=\"widget\" data-e-type=\"widget\" data-widget_type=\"icon-box.default\">\n\t\t\t\t<div class=\"elementor-widget-container\">\n\t\t\t\t\t\t\t<div class=\"elementor-icon-box-wrapper\">\n\n\t\t\t\t\t\t<div class=\"elementor-icon-box-icon\">\n\t\t\t\t<span  class=\"elementor-icon\">\n\t\t\t\t<i aria-hidden=\"true\" class=\"fas fa-square\"><\/i>\t\t\t\t<\/span>\n\t\t\t<\/div>\n\t\t\t\n\t\t\t\t\t\t<div class=\"elementor-icon-box-content\">\n\n\t\t\t\t\t\t\t\t\t<h4 class=\"elementor-icon-box-title\">\n\t\t\t\t\t\t<span  >\n\t\t\t\t\t\t\tA dem\u00eancia \u00e9 heredit\u00e1ria?\t\t\t\t\t\t<\/span>\n\t\t\t\t\t<\/h4>\n\t\t\t\t\n\t\t\t\t\t\t\t\t\t<p class=\"elementor-icon-box-description\">\n\t\t\t\t\t\tMuitas pessoas preocupam-se com a possibilidade de ter dem\u00eancia, especialmente se um membro da fam\u00edlia j\u00e1 tiver tido. No entanto, na maioria dos casos, a dem\u00eancia n\u00e3o \u00e9 causada diretamente por genes herdados dos pais.\n<br><br>\nEm alguns tipos de doen\u00e7a de Alzheimer e dem\u00eancia frontotemporal, um gene defeituoso que pode ocorrer em fam\u00edlias pode causar o desenvolvimento de dem\u00eancia, mas ter um parente idoso com dem\u00eancia n\u00e3o significa necessariamente que ir\u00e1 desenvolv\u00ea-la mais tarde, e muitas pessoas com dem\u00eancia n\u00e3o t\u00eam hist\u00f3ria familiar da doen\u00e7a.\n\n\t\t\t\t\t<\/p>\n\t\t\t\t\n\t\t\t<\/div>\n\t\t\t\n\t\t<\/div>\n\t\t\t\t\t\t<\/div>\n\t\t\t\t<\/div>\n\t\t\t\t<div class=\"elementor-element elementor-element-b344d44 elementor-widget elementor-widget-heading\" data-id=\"b344d44\" data-element_type=\"widget\" data-e-type=\"widget\" data-widget_type=\"heading.default\">\n\t\t\t\t<div class=\"elementor-widget-container\">\n\t\t\t\t\t<h3 class=\"elementor-heading-title elementor-size-default\">Quem sofre de dem\u00eancia?\n<\/h3>\t\t\t\t<\/div>\n\t\t\t\t<\/div>\n\t\t\t\t<div class=\"elementor-element elementor-element-df939aa lista_1 elementor-widget elementor-widget-text-editor\" data-id=\"df939aa\" data-element_type=\"widget\" data-e-type=\"widget\" data-widget_type=\"text-editor.default\">\n\t\t\t\t<div class=\"elementor-widget-container\">\n\t\t\t\t\t\t\t\t\t<p>Os seguintes fatores de risco podem influenciar quem fica com dem\u00eancia:<\/p><ul><li><b>Idade:<\/b> \u00e9 o maior fator de risco para o desenvolvimento da maioria dos tipos de dem\u00eancia, especialmente para pessoas na faixa dos 80 anos de idade.<\/li><li><b>G\u00e9nero:<\/b> um relat\u00f3rio de 2020 da Alzheimer Europe revelou que as mulheres s\u00e3o desproporcionalmente afetadas pela dem\u00eancia em compara\u00e7\u00e3o com os homens. O estudo revelou que 6.650.228 mulheres vivem com dem\u00eancia na Europa, mais do que o dobro dos homens, que s\u00e3o 3.130.449.<\/li><li><b>Fam\u00edlia:<\/b> conforme explicado acima, em alguns casos, o hist\u00f3rico familiar pode aumentar o risco de desenvolver dem\u00eancia.<\/li><li><b>Tabaco e \u00e1lcool:<\/b> ser fumador e beber mais de 21 unidades de \u00e1lcool por semana aumenta o risco de desenvolver dem\u00eancia.<\/li><li><b>Diabetes:<\/b> a diabetes tipo 2 \u00e9 um fator de risco para doen\u00e7a de Alzheimer e dem\u00eancia vascular.<\/li><\/ul>\t\t\t\t\t\t\t\t<\/div>\n\t\t\t\t<\/div>\n\t\t\t\t<div class=\"elementor-element elementor-element-0f877e6 elementor-widget elementor-widget-heading\" data-id=\"0f877e6\" data-element_type=\"widget\" data-e-type=\"widget\" data-widget_type=\"heading.default\">\n\t\t\t\t<div class=\"elementor-widget-container\">\n\t\t\t\t\t<h3 class=\"elementor-heading-title elementor-size-default\">Quanto tempo \u00e9 poss\u00edvel viver com dem\u00eancia?\n\n<\/h3>\t\t\t\t<\/div>\n\t\t\t\t<\/div>\n\t\t\t\t<div class=\"elementor-element elementor-element-1c1ae2a elementor-widget elementor-widget-text-editor\" data-id=\"1c1ae2a\" data-element_type=\"widget\" data-e-type=\"widget\" data-widget_type=\"text-editor.default\">\n\t\t\t\t<div class=\"elementor-widget-container\">\n\t\t\t\t\t\t\t\t\t<p>Atualmente n\u00e3o h\u00e1 cura para a dem\u00eancia, portanto, para aqueles diagnosticados, \u00e9 uma doen\u00e7a cr\u00f3nica. No entanto, se houver um diagn\u00f3stico precoce, h\u00e1 uma maior possibilidade de reduzir os sintomas encontrando o tratamento e o suporte corretos do que quando o diagn\u00f3stico ocorre posteriormente.<\/p><p>V\u00e1rios estudos analisaram como a dem\u00eancia afeta a esperan\u00e7a de vida. No entanto, \u00e9 uma \u00e1rea complicada, porque as pessoas geralmente s\u00e3o diagnosticadas com dem\u00eancia quando est\u00e3o na velhice, uma \u00e9poca em que outras doen\u00e7as podem afetar igualmente a sua esperan\u00e7a de vida.\u00a0<\/p><p>A esperan\u00e7a de vida de uma pessoa com dem\u00eancia depende da sua idade no momento do diagn\u00f3stico e se o diagn\u00f3stico foi feito no in\u00edcio da doen\u00e7a ou posteriormente. Uma pesquisa publicada no British Medical Journal mostrou que as pessoas que foram diagnosticadas com dem\u00eancia entre as idades de 60 e 69 viveram 6,7 anos, um n\u00famero que cai para 1,9 anos no caso daqueles diagnosticados com idade entre 60 e 69 anos.<\/p>\t\t\t\t\t\t\t\t<\/div>\n\t\t\t\t<\/div>\n\t\t\t\t<div class=\"elementor-element elementor-element-d0b92d8 elementor-widget elementor-widget-heading\" data-id=\"d0b92d8\" data-element_type=\"widget\" data-e-type=\"widget\" data-widget_type=\"heading.default\">\n\t\t\t\t<div class=\"elementor-widget-container\">\n\t\t\t\t\t<h2 class=\"elementor-heading-title elementor-size-default\">Diagn\u00f3stico\n<\/h2>\t\t\t\t<\/div>\n\t\t\t\t<\/div>\n\t\t\t\t<div class=\"elementor-element elementor-element-17aa45b elementor-widget elementor-widget-text-editor\" data-id=\"17aa45b\" data-element_type=\"widget\" data-e-type=\"widget\" data-widget_type=\"text-editor.default\">\n\t\t\t\t<div class=\"elementor-widget-container\">\n\t\t\t\t\t\t\t\t\t<p>O diagn\u00f3stico de dem\u00eancia pode levar algum tempo: O seu m\u00e9dico realizar\u00e1 uma s\u00e9rie de avalia\u00e7\u00f5es, que podem precisar de ser acompanhadas por especialistas.\u00a0<\/p>\t\t\t\t\t\t\t\t<\/div>\n\t\t\t\t<\/div>\n\t\t\t\t<div class=\"elementor-element elementor-element-fbf6b87 elementor-widget elementor-widget-heading\" data-id=\"fbf6b87\" data-element_type=\"widget\" data-e-type=\"widget\" data-widget_type=\"heading.default\">\n\t\t\t\t<div class=\"elementor-widget-container\">\n\t\t\t\t\t<h3 class=\"elementor-heading-title elementor-size-default\">Como \u00e9 diagnosticada a dem\u00eancia?\n<\/h3>\t\t\t\t<\/div>\n\t\t\t\t<\/div>\n\t\t\t\t<div class=\"elementor-element elementor-element-f5d2b43 elementor-widget elementor-widget-text-editor\" data-id=\"f5d2b43\" data-element_type=\"widget\" data-e-type=\"widget\" data-widget_type=\"text-editor.default\">\n\t\t\t\t<div class=\"elementor-widget-container\">\n\t\t\t\t\t\t\t\t\t<p>Se estiver preocupado com a sua pr\u00f3pria mem\u00f3ria ou fun\u00e7\u00e3o cerebral, ou com a de algu\u00e9m que conhece, o primeiro passo \u00e9 falar com o seu m\u00e9dico ou profissional de sa\u00fade.\u00a0<\/p><p>Come\u00e7ar\u00e1 por lhe fazer perguntas sobre as altera\u00e7\u00f5es que notou na sua mem\u00f3ria, bem como quaisquer outras dificuldades que possa ter no seu dia a dia. Pode ainda realizar testes espec\u00edficos para avaliar as suas habilidades de mem\u00f3ria, linguagem e orienta\u00e7\u00e3o. Se um amigo ou familiar puder acompanh\u00e1-lo, ser\u00e1 \u00fatil que o m\u00e9dico converse com eles sobre o que notaram.<\/p>\t\t\t\t\t\t\t\t<\/div>\n\t\t\t\t<\/div>\n\t\t\t\t<div class=\"elementor-element elementor-element-ef47298 elementor-widget elementor-widget-heading\" data-id=\"ef47298\" data-element_type=\"widget\" data-e-type=\"widget\" data-widget_type=\"heading.default\">\n\t\t\t\t<div class=\"elementor-widget-container\">\n\t\t\t\t\t<h3 class=\"elementor-heading-title elementor-size-default\">Testes para diagnosticar dem\u00eancia\n<\/h3>\t\t\t\t<\/div>\n\t\t\t\t<\/div>\n\t\t\t\t<div class=\"elementor-element elementor-element-04be5a8 lista_1 elementor-widget elementor-widget-text-editor\" data-id=\"04be5a8\" data-element_type=\"widget\" data-e-type=\"widget\" data-widget_type=\"text-editor.default\">\n\t\t\t\t<div class=\"elementor-widget-container\">\n\t\t\t\t\t\t\t\t\t<p>N\u00e3o existe um teste espec\u00edfico para saber se tem dem\u00eancia. O seu m\u00e9dico realizar\u00e1 uma s\u00e9rie de avalia\u00e7\u00f5es iniciais e, em seguida, encaminh\u00e1-lo-\u00e1 para um especialista para mais testes, se necess\u00e1rio. Pode ser um neurologista (especializado no c\u00e9rebro e sistema nervoso), um geriatra (especializado no cuidado de idosos), um psiquiatra ou outro especialista em sa\u00fade mental.<\/p><p>Os testes usados no diagn\u00f3stico de dem\u00eancia podem incluir:<\/p><ul><li>An\u00e1lise de sangue<\/li><li>Explora\u00e7\u00e3o f\u00edsica<\/li><li>Teste de habilidade mental<\/li><li>Scanner cerebral, como uma tomografia computadorizada ou resson\u00e2ncia magn\u00e9tica<\/li><\/ul><p>Frequentemente, os problemas de mem\u00f3ria podem ser causados por outros fatores, como depress\u00e3o, infe\u00e7\u00e3o ou tire\u00f3ide subativa. Estes testes ajudam os m\u00e9dicos a descartar esses sintomas primeiro.<\/p>\t\t\t\t\t\t\t\t<\/div>\n\t\t\t\t<\/div>\n\t\t\t\t<div class=\"elementor-element elementor-element-a9d51a8 elementor-widget elementor-widget-heading\" data-id=\"a9d51a8\" data-element_type=\"widget\" data-e-type=\"widget\" data-widget_type=\"heading.default\">\n\t\t\t\t<div class=\"elementor-widget-container\">\n\t\t\t\t\t<h2 class=\"elementor-heading-title elementor-size-default\">Tratamento e medica\u00e7\u00e3o\n<\/h2>\t\t\t\t<\/div>\n\t\t\t\t<\/div>\n\t\t\t\t<div class=\"elementor-element elementor-element-711641b elementor-widget elementor-widget-text-editor\" data-id=\"711641b\" data-element_type=\"widget\" data-e-type=\"widget\" data-widget_type=\"text-editor.default\">\n\t\t\t\t<div class=\"elementor-widget-container\">\n\t\t\t\t\t\t\t\t\t<p>Existem muitas op\u00e7\u00f5es de tratamento diferentes para pessoas com dem\u00eancia e devem ser adaptadas ao tipo de dem\u00eancia e \u00e0s necessidades espec\u00edficas do paciente.\u00a0<\/p>\t\t\t\t\t\t\t\t<\/div>\n\t\t\t\t<\/div>\n\t\t\t\t<div class=\"elementor-element elementor-element-e081e47 elementor-widget elementor-widget-heading\" data-id=\"e081e47\" data-element_type=\"widget\" data-e-type=\"widget\" data-widget_type=\"heading.default\">\n\t\t\t\t<div class=\"elementor-widget-container\">\n\t\t\t\t\t<h3 class=\"elementor-heading-title elementor-size-default\">Como se trata a dem\u00eancia?\n\n\n<\/h3>\t\t\t\t<\/div>\n\t\t\t\t<\/div>\n\t\t\t\t<div class=\"elementor-element elementor-element-35d95b4 elementor-widget elementor-widget-text-editor\" data-id=\"35d95b4\" data-element_type=\"widget\" data-e-type=\"widget\" data-widget_type=\"text-editor.default\">\n\t\t\t\t<div class=\"elementor-widget-container\">\n\t\t\t\t\t\t\t\t\t<p>Existem diversos medicamentos, al\u00e9m de tratamentos n\u00e3o farmacol\u00f3gicos como terapias, atividades e suporte; geralmente, a combina\u00e7\u00e3o de todas \u00e9 a abordagem mais eficaz.<\/p>\t\t\t\t\t\t\t\t<\/div>\n\t\t\t\t<\/div>\n\t\t\t\t<div class=\"elementor-element elementor-element-7fd5f84 elementor-position-inline-start icon_mini_box lista_1 elementor-view-default elementor-mobile-position-block-start elementor-widget elementor-widget-icon-box\" data-id=\"7fd5f84\" data-element_type=\"widget\" data-e-type=\"widget\" data-widget_type=\"icon-box.default\">\n\t\t\t\t<div class=\"elementor-widget-container\">\n\t\t\t\t\t\t\t<div class=\"elementor-icon-box-wrapper\">\n\n\t\t\t\t\t\t<div class=\"elementor-icon-box-icon\">\n\t\t\t\t<span  class=\"elementor-icon\">\n\t\t\t\t<i aria-hidden=\"true\" class=\"fas fa-square\"><\/i>\t\t\t\t<\/span>\n\t\t\t<\/div>\n\t\t\t\n\t\t\t\t\t\t<div class=\"elementor-icon-box-content\">\n\n\t\t\t\t\t\t\t\t\t<h4 class=\"elementor-icon-box-title\">\n\t\t\t\t\t\t<span  >\n\t\t\t\t\t\t\tMedicamentos\t\t\t\t\t\t<\/span>\n\t\t\t\t\t<\/h4>\n\t\t\t\t\n\t\t\t\t\t\t\t\t\t<p class=\"elementor-icon-box-description\">\n\t\t\t\t\t\tN\u00e3o existe um medicamento espec\u00edfico para curar a dem\u00eancia, mas alguns tratamentos podem ajudar a reduzir alguns sintomas. Estas incluem:\n\n\n<ul style=\"margin-top: 15px\">\n <li style=\"font-weight: 400\"><b>Inibidores da colinesterase: <\/b><span style=\"font-weight: 400\"> atuam diminuindo a degrada\u00e7\u00e3o de uma subst\u00e2ncia qu\u00edmica do c\u00e9rebro chamada acetilcolina, que est\u00e1 envolvida na capacidade de mem\u00f3ria e de aten\u00e7\u00e3o.\n\n<\/span><\/li>\n \t<li style=\"font-weight: 400\"><b>Antagonista do receptor NMDA: <\/b><span style=\"font-weight: 400\">s\u00e3o uma classe de drogas que bloqueiam quantidades excessivas de um qu\u00edmico chamado glutamato no c\u00e9rebro.\n<\/span><\/li>\n \t<li style=\"font-weight: 400\"><b>Antidepressivos:<\/b><span style=\"font-weight: 400\"> muitas pessoas com dem\u00eancia tendem a sofrer de mau humor e irritabilidade, e os antidepressivos podem ajudar.\n\n<\/span><\/li>\n \t<li style=\"font-weight: 400\"><b>Ansiol\u00edticos: <\/b><span style=\"font-weight: 400\">eles podem ser receitados para aliviar a ansiedade ou inquieta\u00e7\u00e3o.\n\n<\/span><\/li>\n \t<li><b>Antipsic\u00f3ticos: <\/b><span style=\"font-weight: 400\">podem ajudar a controlar sentimentos e comportamentos indesejados, tais como agress\u00e3o, agita\u00e7\u00e3o, del\u00edrios ou alucina\u00e7\u00f5es.\n\n\n<\/span><\/li>\n<\/ul>\t\t\t\t\t<\/p>\n\t\t\t\t\n\t\t\t<\/div>\n\t\t\t\n\t\t<\/div>\n\t\t\t\t\t\t<\/div>\n\t\t\t\t<\/div>\n\t\t\t\t<div class=\"elementor-element elementor-element-242341f elementor-position-inline-start icon_mini_box lista_1 elementor-view-default elementor-mobile-position-block-start elementor-widget elementor-widget-icon-box\" data-id=\"242341f\" data-element_type=\"widget\" data-e-type=\"widget\" data-widget_type=\"icon-box.default\">\n\t\t\t\t<div class=\"elementor-widget-container\">\n\t\t\t\t\t\t\t<div class=\"elementor-icon-box-wrapper\">\n\n\t\t\t\t\t\t<div class=\"elementor-icon-box-icon\">\n\t\t\t\t<span  class=\"elementor-icon\">\n\t\t\t\t<i aria-hidden=\"true\" class=\"fas fa-square\"><\/i>\t\t\t\t<\/span>\n\t\t\t<\/div>\n\t\t\t\n\t\t\t\t\t\t<div class=\"elementor-icon-box-content\">\n\n\t\t\t\t\t\t\t\t\t<h4 class=\"elementor-icon-box-title\">\n\t\t\t\t\t\t<span  >\n\t\t\t\t\t\t\tTerapia e interven\u00e7\u00e3o\t\t\t\t\t\t<\/span>\n\t\t\t\t\t<\/h4>\n\t\t\t\t\n\t\t\t\t\t\t\t\t\t<p class=\"elementor-icon-box-description\">\n\t\t\t\t\t\tNos est\u00e1gios intermedi\u00e1rios e avan\u00e7ados da dem\u00eancia, certas terapias que se concentram nas capacidades de pensar e mem\u00f3ria s\u00e3o frequentemente utilizadas e podem trazer melhorias. As terapias podem incluir:\n\n\n\n<ul style=\"margin-top: 15px\">\n \t<li style=\"font-weight: 400\"><b>Terapia de reminisc\u00eancia: <\/b><span style=\"font-weight: 400\">trata-se de falar sobre as mem\u00f3rias passadas de algu\u00e9m, individualmente ou em grupo. As mem\u00f3rias s\u00e3o frequentemente estimuladas com m\u00fasica, fotos ou pertences pessoais do paciente\n<\/span><\/li>\n \t<li style=\"font-weight: 400\"><b>Terapia de estimula\u00e7\u00e3o cognitiva (TEC): <\/b><span style=\"font-weight: 400\">\u00e9 mais \u00fatil nos est\u00e1gios iniciais da dem\u00eancia, consiste em atividades de grupo que promovem a estimula\u00e7\u00e3o mental, tais como cozinhar, cantar ou falar sobre o que est\u00e1 a acontecer no mundo.\n\n\n<\/span><\/li>\n<\/ul>\nAconselhamento e apoio podem ser extremamente ben\u00e9ficos, especialmente quando o paciente est\u00e1 em processo de aceita\u00e7\u00e3o do diagn\u00f3stico de dem\u00eancia e a aprender a aceitar as mudan\u00e7as que isso acarreta na sua vida. Algumas pessoas podem beneficiar de aconselhamento individual, enquanto outras preferem falar sobre as suas experi\u00eancias dentro de um grupo de apoio. \n<br><br>\n\u00c9 importante que os prestadores de cuidados tamb\u00e9m procurem ajuda e apoio para as suas pr\u00f3prias necessidades, e existam servi\u00e7os de apoio para os mesmos. Cuidar de algu\u00e9m com dem\u00eancia pode ser exaustivo e stressante, e ter que assistir a um ente querido a mudar tamb\u00e9m pode ser entristecedor. \n\n\n\t\t\t\t\t<\/p>\n\t\t\t\t\n\t\t\t<\/div>\n\t\t\t\n\t\t<\/div>\n\t\t\t\t\t\t<\/div>\n\t\t\t\t<\/div>\n\t\t\t\t<div class=\"elementor-element elementor-element-dd113f1 elementor-position-inline-start icon_mini_box elementor-view-default elementor-mobile-position-block-start elementor-widget elementor-widget-icon-box\" data-id=\"dd113f1\" data-element_type=\"widget\" data-e-type=\"widget\" data-widget_type=\"icon-box.default\">\n\t\t\t\t<div class=\"elementor-widget-container\">\n\t\t\t\t\t\t\t<div class=\"elementor-icon-box-wrapper\">\n\n\t\t\t\t\t\t<div class=\"elementor-icon-box-icon\">\n\t\t\t\t<span  class=\"elementor-icon\">\n\t\t\t\t<i aria-hidden=\"true\" class=\"fas fa-square\"><\/i>\t\t\t\t<\/span>\n\t\t\t<\/div>\n\t\t\t\n\t\t\t\t\t\t<div class=\"elementor-icon-box-content\">\n\n\t\t\t\t\t\t\t\t\t<h4 class=\"elementor-icon-box-title\">\n\t\t\t\t\t\t<span  >\n\t\t\t\t\t\t\tDieta\t\t\t\t\t\t<\/span>\n\t\t\t\t\t<\/h4>\n\t\t\t\t\n\t\t\t\t\t\t\t\t\t<p class=\"elementor-icon-box-description\">\n\t\t\t\t\t\tEstudos mostram que mudar para dietas saud\u00e1veis na meia-idade , tais como substituir a qualidade das gorduras, consumir mais vegetais e limitar o consumo de sal e a\u00e7\u00facar, est\u00e3o associados a um menor risco de dem\u00eancia na idade avan\u00e7ada.\n<br><br>\nPessoas que vivem com dem\u00eancia devem ainda ser encorajadas a comer bem: Uma dieta saud\u00e1vel n\u00e3o tem s\u00f3 efeitos na sa\u00fade f\u00edsica, mas pode igualmente influenciar a sa\u00fade do c\u00e9rebro. Tente fazer uma dieta equilibrada que inclua muitos vegetais (especialmente os de folhas verdes), gr\u00e3os inteiros, peixes, nozes e carne de aves.\n<br><br>\nSe estiver a cuidar de algu\u00e9m com dem\u00eancia, pode ser dif\u00edcil incentivar essa pessoa a fazer uma dieta equilibrada. \u00c0 medida que as habilidades mentais se deterioram, podem esquecer-se de comer ou beber, ter dificuldade em preparar os alimentos e o ato f\u00edsico de comer come\u00e7a a parecer-lhes mais dif\u00edcil. \n<br><br>\nOs gostos e o apetite tamb\u00e9m podem mudar drasticamente. \u00c9 importante que a hora das refei\u00e7\u00f5es seja agrad\u00e1vel, portanto, considere os alimentos de que essa pessoa gosta e tente equilibr\u00e1-los com op\u00e7\u00f5es saud\u00e1veis para garantir que as suas necessidades nutricionais sejam atendidas.\n\n\t\t\t\t\t<\/p>\n\t\t\t\t\n\t\t\t<\/div>\n\t\t\t\n\t\t<\/div>\n\t\t\t\t\t\t<\/div>\n\t\t\t\t<\/div>\n\t\t\t\t<div class=\"elementor-element elementor-element-1175325 elementor-position-inline-start icon_mini_box elementor-view-default elementor-mobile-position-block-start elementor-widget elementor-widget-icon-box\" data-id=\"1175325\" data-element_type=\"widget\" data-e-type=\"widget\" data-widget_type=\"icon-box.default\">\n\t\t\t\t<div class=\"elementor-widget-container\">\n\t\t\t\t\t\t\t<div class=\"elementor-icon-box-wrapper\">\n\n\t\t\t\t\t\t<div class=\"elementor-icon-box-icon\">\n\t\t\t\t<span  class=\"elementor-icon\">\n\t\t\t\t<i aria-hidden=\"true\" class=\"fas fa-square\"><\/i>\t\t\t\t<\/span>\n\t\t\t<\/div>\n\t\t\t\n\t\t\t\t\t\t<div class=\"elementor-icon-box-content\">\n\n\t\t\t\t\t\t\t\t\t<h4 class=\"elementor-icon-box-title\">\n\t\t\t\t\t\t<span  >\n\t\t\t\t\t\t\tExerc\u00edcio\t\t\t\t\t\t<\/span>\n\t\t\t\t\t<\/h4>\n\t\t\t\t\n\t\t\t\t\t\t\t\t\t<p class=\"elementor-icon-box-description\">\n\t\t\t\t\t\tO exerc\u00edcio n\u00e3o \u00e9 apenas um fator importante para ajudar a prevenir o in\u00edcio da dem\u00eancia, mas tamb\u00e9m uma parte crucial do tratamento e dos cuidados. Pessoas com dem\u00eancia t\u00eam mais problemas de sa\u00fade f\u00edsica do que pessoas da mesma idade sem dem\u00eancia, portanto, manter-se ativo \u00e9 extremamente importante. \n<br><br>\nO tipo de exerc\u00edcio correto vai depender da fase de dem\u00eancia em que a pessoa se encontra. Nos est\u00e1gios inicial e intermedi\u00e1rio da dem\u00eancia, muitas pessoas continuar\u00e3o t\u00e3o fisicamente aptos quanto antes e poder\u00e3o desfrutar de jardinagem, dan\u00e7a, caminhadas e muitas atividades desportivas. No entanto, isto pode mudar significativamente nas fases posteriores. Exerc\u00edcios de sentar modificados e alguns exerc\u00edcios simples para ajudar ao equil\u00edbrio e no suporte podem ser ben\u00e9ficos.\n\t\t\t\t\t<\/p>\n\t\t\t\t\n\t\t\t<\/div>\n\t\t\t\n\t\t<\/div>\n\t\t\t\t\t\t<\/div>\n\t\t\t\t<\/div>\n\t\t\t\t<div class=\"elementor-element elementor-element-b959c29 elementor-widget elementor-widget-heading\" data-id=\"b959c29\" data-element_type=\"widget\" data-e-type=\"widget\" data-widget_type=\"heading.default\">\n\t\t\t\t<div class=\"elementor-widget-container\">\n\t\t\t\t\t<h2 class=\"elementor-heading-title elementor-size-default\">Preven\u00e7\u00e3o<\/h2>\t\t\t\t<\/div>\n\t\t\t\t<\/div>\n\t\t\t\t<div class=\"elementor-element elementor-element-3cf1df0 lista_1 elementor-widget elementor-widget-text-editor\" data-id=\"3cf1df0\" data-element_type=\"widget\" data-e-type=\"widget\" data-widget_type=\"text-editor.default\">\n\t\t\t\t<div class=\"elementor-widget-container\">\n\t\t\t\t\t\t\t\t\t<p>Um estudo mostrou que um estilo de vida saud\u00e1vel, como uma alimenta\u00e7\u00e3o saud\u00e1vel, exerc\u00edcios e estimula\u00e7\u00e3o cognitiva, podem reduzir o risco de decl\u00ednio cognitivo e dem\u00eancia.<\/p><p>A pesquisa descobriu que modifica\u00e7\u00f5es simples no estilo de vida de uma pessoa podem reduzir o risco de dem\u00eancia e que a combina\u00e7\u00e3o de v\u00e1rios fatores diferentes de estilo de vida pode ser o m\u00e9todo mais eficaz de preven\u00e7\u00e3o. Por exemplo, ao combinar quatro ou cinco fatores de estilo de vida, pode reduzir o risco de Alzheimer em 60% em compara\u00e7\u00e3o a n\u00e3o adotar nenhum ou apenas um fator.<\/p><p>Um relat\u00f3rio de 2020 sobre a preven\u00e7\u00e3o, interven\u00e7\u00e3o e cuidados para a dem\u00eancia encomendado por<i> The Lancet<\/i> (6) chegou a conclus\u00f5es semelhantes. O relat\u00f3rio identificou 12 &#8220;fatores de risco modific\u00e1veis&#8221; que s\u00e3o respons\u00e1veis por cerca de 40% das dem\u00eancias em todo o mundo e que, em teoria, poderiam ser evitados ou adiados. O relat\u00f3rio enfatiza a import\u00e2ncia da preven\u00e7\u00e3o, real\u00e7ando que nunca \u00e9 demasiado cedo &#8211; ou tarde &#8211; para as pessoas come\u00e7arem a tomar medidas preventivas relacionadas a estes 12 fatores de risco: Menor n\u00edvel educacional, hipertens\u00e3o, problemas auditivos, tabagismo, obesidade, depress\u00e3o, sedentarismo, diabetes, pouco contato social, consumo excessivo de \u00e1lcool, les\u00f5es cerebrais traum\u00e1ticas e polui\u00e7\u00e3o do ar.<\/p><p>Algumas das principais medidas preventivas recomendadas aos indiv\u00edduos foram as seguintes:<\/p><ul><li>Manter a atividade cognitiva, f\u00edsica e social na meia-idade e na velhice.\u00a0<\/li><li>Use aparelhos auditivos para reduzir o risco de dem\u00eancia por perda auditiva.\u00a0<\/li><li>Fa\u00e7a exerc\u00edcios regulares na meia-idade e, possivelmente, na velhice, para reduzir o risco de obesidade, diabetes e doen\u00e7as cardiovasculares.<\/li><li>Minimize a exposi\u00e7\u00e3o \u00e0 polui\u00e7\u00e3o do ar e ao fumo de tabaco como fumador passivo.<\/li><li>Limite o consumo de \u00e1lcool.<\/li><li>Evite o tabaco ou pare de fumar.\u00a0<\/li><\/ul>\t\t\t\t\t\t\t\t<\/div>\n\t\t\t\t<\/div>\n\t\t\t\t<div class=\"elementor-element elementor-element-39bc7b7 elementor-widget elementor-widget-heading\" data-id=\"39bc7b7\" data-element_type=\"widget\" data-e-type=\"widget\" data-widget_type=\"heading.default\">\n\t\t\t\t<div class=\"elementor-widget-container\">\n\t\t\t\t\t<h2 class=\"elementor-heading-title elementor-size-default\">Estudos cient\u00edficos\n\n<\/h2>\t\t\t\t<\/div>\n\t\t\t\t<\/div>\n\t\t\t\t<div class=\"elementor-element elementor-element-695304d elementor-widget elementor-widget-text-editor\" data-id=\"695304d\" data-element_type=\"widget\" data-e-type=\"widget\" data-widget_type=\"text-editor.default\">\n\t\t\t\t<div class=\"elementor-widget-container\">\n\t\t\t\t\t\t\t\t\t<p>Est\u00e3o a fazer-se pesquisas para encontrar uma cura para a dem\u00eancia e h\u00e1 muitos estudos em busca de novos medicamentos.<\/p><p>Paralelamente com a corrida para encontrar um novo tratamento, fez-se imensos progressos na compreens\u00e3o e conscientiza\u00e7\u00e3o sobre a dem\u00eancia. Isto inclui a descoberta de um novo tipo de dem\u00eancia, chamado LATE , e o desenvolvimento de um teste de sangue simples com 94% de precis\u00e3o para detetar a doen\u00e7a de Alzheimer muito mais cedo do que com scanners cerebrais.<\/p>\t\t\t\t\t\t\t\t<\/div>\n\t\t\t\t<\/div>\n\t\t\t\t<div class=\"elementor-element elementor-element-9bf2b64 elementor-widget elementor-widget-heading\" data-id=\"9bf2b64\" data-element_type=\"widget\" data-e-type=\"widget\" data-widget_type=\"heading.default\">\n\t\t\t\t<div class=\"elementor-widget-container\">\n\t\t\t\t\t<h2 class=\"elementor-heading-title elementor-size-default\">Fontes de refer\u00eancia\n<\/h2>\t\t\t\t<\/div>\n\t\t\t\t<\/div>\n\t\t\t\t<div class=\"elementor-element elementor-element-0090144 elementor-widget elementor-widget-text-editor\" data-id=\"0090144\" data-element_type=\"widget\" data-e-type=\"widget\" data-widget_type=\"text-editor.default\">\n\t\t\t\t<div class=\"elementor-widget-container\">\n\t\t\t\t\t\t\t\t\t<ol><li>World Health Organization. Dementia. Published September 2020. Accessed January 2021. <a href=\"https:\/\/www.who.int\/news-room\/fact-sheets\/detail\/dementia\" target=\"_blank\" rel=\"noopener\">https:\/\/www.who.int\/news-room\/fact-sheets\/detail\/dementia<\/a><\/li><li>Dementia UK. Dementia with lewy bodies. Accessed February 2021. <a href=\"https:\/\/www.dementiauk.org\/understanding-dementia\/types-and-symptoms\/dementia-with-lewy-bodies\/\" target=\"_blank\" rel=\"noopener\">https:\/\/www.dementiauk.org\/understanding-dementia\/types-and-symptoms\/dementia-with-lewy-bodies\/<\/a><\/li><li><p>National Parkinson Foundation. Parkinson\u2019s dementia. Accessed February 2021.\u00a0<a href=\"https:\/\/www.parkinson.org\/sites\/default\/files\/PD%20Dementia.pdf\" target=\"_blank\" rel=\"noopener\">https:\/\/www.parkinson.org\/sites\/default\/files\/PD%20Dementia.pdf<\/a><\/p><\/li><li><p>World Health Organization. Areas of work: dementia. Accessed January 2021.\u00a0<a href=\"https:\/\/www.euro.who.int\/en\/health-topics\/noncommunicable-diseases\/mental-health\/areas-of-work\/dementia\" target=\"_blank\" rel=\"noopener\">https:\/\/www.euro.who.int\/en\/health-topics\/noncommunicable-diseases\/mental-health\/areas-of-work\/dementia<\/a><\/p><\/li><li>Georges J, Miller O, Bintener C. Dementia in Europe Yearbook 2019: estimating the prevalence of dementia in Europe. Luxembourg: Alzheimer Europe; 2020. doi:10.13140\/RG.2.2.16880.81923<\/li><li>Livingston G, Huntley J, Sommerlad A et al. Dementia prevention, intervention, and care: \u00a0 2020 report of the Lancet Commission. <i>Lancet<\/i>. 2020;396(10248):413-446. doi:10.1016\/S0140-6736(20)30367-6<\/li><li>Cholerton B, Baker LD, Montine TJ, Craft S. Type 2 diabetes, cognition, and dementia in older adults: toward a precision health approach. <i>Diabetes Spectr<\/i>. 2016;29(4):210-219. doi:10.2337\/ds16-0041<\/li><li>\u00a0Rait G, Walters K, Bottomley C, Petersen I, Iliffe S, Nazareth I. Survival of people with clinical diagnosis of dementia in primary care: cohort study. <i>BMJ.<\/i> 2010;341:c3584. doi:10.1136\/bmj.c3584<\/li><li>Sindi S, K\u00e5reholt I, Eskelinen M et al. Healthy dietary changes in midlife are associated with reduced dementia risk later in life. <i>Nutrients<\/i>. 2018;10(11):1649. doi:10.3390\/nu10111649<\/li><li>Dhana K, Evans DA, Rajan KB, Bennett DA, Morris MC. Healthy lifestyle and the risk of Alzheimer dementia: findings from 2 longitudinal studies. <i>Neurology<\/i>. 2020;95(4):e374-e383. doi:10.1212\/wnl.0000000000009816<\/li><li>Nelson P, Dickson T, Trojanowski JQ et al. Limbic-predominant age-related TDP-43 encephalopathy (LATE): consensus working group report. <i>Brain.<\/i> 2019;142(6):1503-1527. doi:10.1093\/brain\/awz099<\/li><li>Schindler SE, Bollinger JG, Ovod V et al. High-precision plasma \u03b2-amyloid 42\/40 predicts current and future brain amyloidosis. <i>Neurology<\/i>. 2019;93(17):e1647-e1659. doi:10.1212\/WNL.0000000000008081<\/li><\/ol>\t\t\t\t\t\t\t\t<\/div>\n\t\t\t\t<\/div>\n\t\t\t\t<div class=\"elementor-element elementor-element-c375519 elementor-widget elementor-widget-spacer\" data-id=\"c375519\" data-element_type=\"widget\" data-e-type=\"widget\" data-widget_type=\"spacer.default\">\n\t\t\t\t<div class=\"elementor-widget-container\">\n\t\t\t\t\t\t\t<div class=\"elementor-spacer\">\n\t\t\t<div class=\"elementor-spacer-inner\"><\/div>\n\t\t<\/div>\n\t\t\t\t\t\t<\/div>\n\t\t\t\t<\/div>\n\t\t\t\t\t<\/div>\n\t\t<\/div>\n\t\t\t\t\t<\/div>\n\t\t<\/section>\n\t\t\t\t<section class=\"elementor-section elementor-top-section elementor-element elementor-element-6166b89 stop-sticky elementor-section-boxed elementor-section-height-default elementor-section-height-default\" data-id=\"6166b89\" data-element_type=\"section\" data-e-type=\"section\" data-settings=\"{&quot;jet_parallax_layout_list&quot;:[{&quot;jet_parallax_layout_image&quot;:{&quot;url&quot;:&quot;&quot;,&quot;id&quot;:&quot;&quot;,&quot;size&quot;:&quot;&quot;},&quot;_id&quot;:&quot;efcf18a&quot;,&quot;jet_parallax_layout_image_tablet&quot;:{&quot;url&quot;:&quot;&quot;,&quot;id&quot;:&quot;&quot;,&quot;size&quot;:&quot;&quot;},&quot;jet_parallax_layout_image_mobile&quot;:{&quot;url&quot;:&quot;&quot;,&quot;id&quot;:&quot;&quot;,&quot;size&quot;:&quot;&quot;},&quot;jet_parallax_layout_speed&quot;:{&quot;unit&quot;:&quot;%&quot;,&quot;size&quot;:50,&quot;sizes&quot;:[]},&quot;jet_parallax_layout_type&quot;:&quot;scroll&quot;,&quot;jet_parallax_layout_direction&quot;:&quot;1&quot;,&quot;jet_parallax_layout_fx_direction&quot;:null,&quot;jet_parallax_layout_z_index&quot;:&quot;&quot;,&quot;jet_parallax_layout_bg_x&quot;:50,&quot;jet_parallax_layout_bg_x_tablet&quot;:&quot;&quot;,&quot;jet_parallax_layout_bg_x_mobile&quot;:&quot;&quot;,&quot;jet_parallax_layout_bg_y&quot;:50,&quot;jet_parallax_layout_bg_y_tablet&quot;:&quot;&quot;,&quot;jet_parallax_layout_bg_y_mobile&quot;:&quot;&quot;,&quot;jet_parallax_layout_bg_size&quot;:&quot;auto&quot;,&quot;jet_parallax_layout_bg_size_tablet&quot;:&quot;&quot;,&quot;jet_parallax_layout_bg_size_mobile&quot;:&quot;&quot;,&quot;jet_parallax_layout_animation_prop&quot;:&quot;transform&quot;,&quot;jet_parallax_layout_on&quot;:[&quot;desktop&quot;,&quot;tablet&quot;]}]}\">\n\t\t\t\t\t\t<div class=\"elementor-container elementor-column-gap-default\">\n\t\t\t\t\t<div class=\"elementor-column elementor-col-50 elementor-top-column elementor-element elementor-element-29241b4\" data-id=\"29241b4\" data-element_type=\"column\" data-e-type=\"column\">\n\t\t\t<div class=\"elementor-widget-wrap elementor-element-populated\">\n\t\t\t\t\t\t<div class=\"elementor-element elementor-element-e7098f8 elementor-widget elementor-widget-heading\" data-id=\"e7098f8\" data-element_type=\"widget\" data-e-type=\"widget\" data-widget_type=\"heading.default\">\n\t\t\t\t<div class=\"elementor-widget-container\">\n\t\t\t\t\t<h5 class=\"elementor-heading-title elementor-size-default\">Pode interessar a voc\u00ea ...<\/h5>\t\t\t\t<\/div>\n\t\t\t\t<\/div>\n\t\t\t\t\t<\/div>\n\t\t<\/div>\n\t\t\t\t<div class=\"elementor-column elementor-col-50 elementor-top-column elementor-element elementor-element-0cc8899\" data-id=\"0cc8899\" data-element_type=\"column\" data-e-type=\"column\">\n\t\t\t<div class=\"elementor-widget-wrap elementor-element-populated\">\n\t\t\t\t\t\t<div class=\"elementor-element elementor-element-f90480a elementor-icon-list--layout-inline elementor-align-end read_more_reverse elementor-list-item-link-full_width elementor-widget elementor-widget-icon-list\" data-id=\"f90480a\" data-element_type=\"widget\" data-e-type=\"widget\" data-widget_type=\"icon-list.default\">\n\t\t\t\t<div class=\"elementor-widget-container\">\n\t\t\t\t\t\t\t<ul class=\"elementor-icon-list-items elementor-inline-items\">\n\t\t\t\t\t\t\t<li class=\"elementor-icon-list-item elementor-inline-item\">\n\t\t\t\t\t\t\t\t\t\t\t<a href=\"https:\/\/www.neuraxpharm.com\/pt\/blog\">\n\n\t\t\t\t\t\t\t\t\t\t\t\t<span class=\"elementor-icon-list-icon\">\n\t\t\t\t\t\t\t<i aria-hidden=\"true\" class=\"fas fa-chevron-right\"><\/i>\t\t\t\t\t\t<\/span>\n\t\t\t\t\t\t\t\t\t\t<span class=\"elementor-icon-list-text\">Ir para o Blog<\/span>\n\t\t\t\t\t\t\t\t\t\t\t<\/a>\n\t\t\t\t\t\t\t\t\t<\/li>\n\t\t\t\t\t\t<\/ul>\n\t\t\t\t\t\t<\/div>\n\t\t\t\t<\/div>\n\t\t\t\t\t<\/div>\n\t\t<\/div>\n\t\t\t\t\t<\/div>\n\t\t<\/section>\n\t\t\t\t<section class=\"elementor-section elementor-top-section elementor-element elementor-element-6fe4344 elementor-section-boxed elementor-section-height-default elementor-section-height-default\" data-id=\"6fe4344\" data-element_type=\"section\" data-e-type=\"section\" data-settings=\"{&quot;jet_parallax_layout_list&quot;:[{&quot;jet_parallax_layout_image&quot;:{&quot;url&quot;:&quot;&quot;,&quot;id&quot;:&quot;&quot;,&quot;size&quot;:&quot;&quot;},&quot;_id&quot;:&quot;426e004&quot;,&quot;jet_parallax_layout_image_tablet&quot;:{&quot;url&quot;:&quot;&quot;,&quot;id&quot;:&quot;&quot;,&quot;size&quot;:&quot;&quot;},&quot;jet_parallax_layout_image_mobile&quot;:{&quot;url&quot;:&quot;&quot;,&quot;id&quot;:&quot;&quot;,&quot;size&quot;:&quot;&quot;},&quot;jet_parallax_layout_speed&quot;:{&quot;unit&quot;:&quot;%&quot;,&quot;size&quot;:50,&quot;sizes&quot;:[]},&quot;jet_parallax_layout_type&quot;:&quot;scroll&quot;,&quot;jet_parallax_layout_direction&quot;:&quot;1&quot;,&quot;jet_parallax_layout_fx_direction&quot;:null,&quot;jet_parallax_layout_z_index&quot;:&quot;&quot;,&quot;jet_parallax_layout_bg_x&quot;:50,&quot;jet_parallax_layout_bg_x_tablet&quot;:&quot;&quot;,&quot;jet_parallax_layout_bg_x_mobile&quot;:&quot;&quot;,&quot;jet_parallax_layout_bg_y&quot;:50,&quot;jet_parallax_layout_bg_y_tablet&quot;:&quot;&quot;,&quot;jet_parallax_layout_bg_y_mobile&quot;:&quot;&quot;,&quot;jet_parallax_layout_bg_size&quot;:&quot;auto&quot;,&quot;jet_parallax_layout_bg_size_tablet&quot;:&quot;&quot;,&quot;jet_parallax_layout_bg_size_mobile&quot;:&quot;&quot;,&quot;jet_parallax_layout_animation_prop&quot;:&quot;transform&quot;,&quot;jet_parallax_layout_on&quot;:[&quot;desktop&quot;,&quot;tablet&quot;]}]}\">\n\t\t\t\t\t\t<div class=\"elementor-container elementor-column-gap-default\">\n\t\t\t\t\t<div class=\"elementor-column elementor-col-100 elementor-top-column elementor-element elementor-element-cf0f07c\" data-id=\"cf0f07c\" data-element_type=\"column\" data-e-type=\"column\">\n\t\t\t<div class=\"elementor-widget-wrap elementor-element-populated\">\n\t\t\t\t\t\t<div class=\"elementor-element elementor-element-75135bf blog-category elementor-widget elementor-widget-jet-listing-grid\" data-id=\"75135bf\" data-element_type=\"widget\" data-e-type=\"widget\" data-settings=\"{&quot;columns&quot;:3,&quot;columns_tablet&quot;:&quot;2&quot;,&quot;columns_mobile&quot;:&quot;1&quot;}\" data-widget_type=\"jet-listing-grid.default\">\n\t\t\t\t<div class=\"elementor-widget-container\">\n\t\t\t\t\t<div class=\"jet-listing-grid jet-listing\"><div class=\"jet-listing-not-found jet-listing-grid__items\" data-nav=\"{&quot;enabled&quot;:false,&quot;type&quot;:null,&quot;more_el&quot;:null,&quot;query&quot;:[],&quot;widget_settings&quot;:{&quot;lisitng_id&quot;:3578,&quot;posts_num&quot;:3,&quot;columns&quot;:3,&quot;columns_tablet&quot;:2,&quot;columns_mobile&quot;:1,&quot;column_min_width&quot;:240,&quot;column_min_width_tablet&quot;:240,&quot;column_min_width_mobile&quot;:240,&quot;inline_columns_css&quot;:false,&quot;is_archive_template&quot;:&quot;&quot;,&quot;post_status&quot;:[&quot;publish&quot;],&quot;use_random_posts_num&quot;:&quot;&quot;,&quot;max_posts_num&quot;:9,&quot;not_found_message&quot;:&quot;&quot;,&quot;is_masonry&quot;:false,&quot;equal_columns_height&quot;:&quot;&quot;,&quot;use_load_more&quot;:&quot;&quot;,&quot;load_more_id&quot;:&quot;&quot;,&quot;load_more_type&quot;:&quot;click&quot;,&quot;load_more_offset&quot;:{&quot;unit&quot;:&quot;px&quot;,&quot;size&quot;:0,&quot;sizes&quot;:[]},&quot;use_custom_post_types&quot;:&quot;&quot;,&quot;custom_post_types&quot;:[],&quot;hide_widget_if&quot;:&quot;&quot;,&quot;carousel_enabled&quot;:&quot;&quot;,&quot;slides_to_scroll&quot;:&quot;1&quot;,&quot;arrows&quot;:&quot;true&quot;,&quot;arrow_icon&quot;:&quot;fa fa-angle-left&quot;,&quot;dots&quot;:&quot;&quot;,&quot;autoplay&quot;:&quot;true&quot;,&quot;pause_on_hover&quot;:&quot;true&quot;,&quot;autoplay_speed&quot;:5000,&quot;infinite&quot;:&quot;true&quot;,&quot;center_mode&quot;:&quot;&quot;,&quot;effect&quot;:&quot;slide&quot;,&quot;speed&quot;:500,&quot;inject_alternative_items&quot;:&quot;&quot;,&quot;injection_items&quot;:[],&quot;scroll_slider_enabled&quot;:&quot;&quot;,&quot;scroll_slider_on&quot;:[&quot;desktop&quot;,&quot;tablet&quot;,&quot;mobile&quot;],&quot;custom_query&quot;:false,&quot;custom_query_id&quot;:&quot;&quot;,&quot;_element_id&quot;:&quot;&quot;,&quot;collapse_first_last_gap&quot;:false,&quot;list_tag_selection&quot;:&quot;&quot;,&quot;list_items_wrapper_tag&quot;:&quot;div&quot;,&quot;list_item_tag&quot;:&quot;div&quot;,&quot;empty_items_wrapper_tag&quot;:&quot;div&quot;}}\" data-listing-source=\"posts\" data-listing-id=\"3578\" data-query-id=\"\" data-queried-id=\"3688|WP_Post\">\t\t<div data-elementor-type=\"page\" data-elementor-id=\"22107\" class=\"elementor elementor-22107\" data-elementor-post-type=\"elementor_library\">\n\t\t\t\t\t\t<section class=\"elementor-section elementor-top-section elementor-element elementor-element-4dcd24fa elementor-section-boxed elementor-section-height-default elementor-section-height-default\" data-id=\"4dcd24fa\" data-element_type=\"section\" data-e-type=\"section\" data-settings=\"{&quot;jet_parallax_layout_list&quot;:[{&quot;jet_parallax_layout_image&quot;:{&quot;url&quot;:&quot;&quot;,&quot;id&quot;:&quot;&quot;,&quot;size&quot;:&quot;&quot;},&quot;_id&quot;:&quot;5757181&quot;,&quot;jet_parallax_layout_image_tablet&quot;:{&quot;url&quot;:&quot;&quot;,&quot;id&quot;:&quot;&quot;,&quot;size&quot;:&quot;&quot;},&quot;jet_parallax_layout_image_mobile&quot;:{&quot;url&quot;:&quot;&quot;,&quot;id&quot;:&quot;&quot;,&quot;size&quot;:&quot;&quot;},&quot;jet_parallax_layout_speed&quot;:{&quot;unit&quot;:&quot;%&quot;,&quot;size&quot;:50,&quot;sizes&quot;:[]},&quot;jet_parallax_layout_type&quot;:&quot;scroll&quot;,&quot;jet_parallax_layout_direction&quot;:&quot;1&quot;,&quot;jet_parallax_layout_fx_direction&quot;:null,&quot;jet_parallax_layout_z_index&quot;:&quot;&quot;,&quot;jet_parallax_layout_bg_x&quot;:50,&quot;jet_parallax_layout_bg_y&quot;:50,&quot;jet_parallax_layout_bg_size&quot;:&quot;auto&quot;,&quot;jet_parallax_layout_animation_prop&quot;:&quot;transform&quot;,&quot;jet_parallax_layout_on&quot;:[&quot;desktop&quot;,&quot;tablet&quot;],&quot;jet_parallax_layout_bg_x_tablet&quot;:&quot;&quot;,&quot;jet_parallax_layout_bg_x_mobile&quot;:&quot;&quot;,&quot;jet_parallax_layout_bg_y_tablet&quot;:&quot;&quot;,&quot;jet_parallax_layout_bg_y_mobile&quot;:&quot;&quot;,&quot;jet_parallax_layout_bg_size_tablet&quot;:&quot;&quot;,&quot;jet_parallax_layout_bg_size_mobile&quot;:&quot;&quot;}]}\">\n\t\t\t\t\t\t<div class=\"elementor-container elementor-column-gap-default\">\n\t\t\t\t\t<div class=\"elementor-column elementor-col-100 elementor-top-column elementor-element elementor-element-3fe0112c\" data-id=\"3fe0112c\" data-element_type=\"column\" data-e-type=\"column\">\n\t\t\t<div class=\"elementor-widget-wrap elementor-element-populated\">\n\t\t\t\t\t\t<div class=\"elementor-element elementor-element-444f3187 blog-category elementor-widget elementor-widget-jet-listing-grid\" data-id=\"444f3187\" data-element_type=\"widget\" data-e-type=\"widget\" data-settings=\"{&quot;columns&quot;:3,&quot;columns_tablet&quot;:&quot;2&quot;,&quot;columns_mobile&quot;:&quot;1&quot;}\" data-widget_type=\"jet-listing-grid.default\">\n\t\t\t\t<div class=\"elementor-widget-container\">\n\t\t\t\t\t<div class=\"jet-listing-notice\">Please select another listing to show to avoid recursion.<\/div>\t\t\t\t<\/div>\n\t\t\t\t<\/div>\n\t\t\t\t\t<\/div>\n\t\t<\/div>\n\t\t\t\t\t<\/div>\n\t\t<\/section>\n\t\t\t\t<\/div>\n\t\t<\/div><style>.elementor-22107 .elementor-element.elementor-element-4dcd24fa .elementor-repeater-item-5757181.jet-parallax-section__layout .jet-parallax-section__image{background-size:auto;}.elementor-22107 .elementor-element.elementor-element-444f3187 > .elementor-widget-container > .jet-listing-grid > .jet-listing-grid__items, .elementor-22107 .elementor-element.elementor-element-444f3187 > .jet-listing-grid > .jet-listing-grid__items{--columns:3;}.elementor-22107 .elementor-element.elementor-element-4dcd24fa > .elementor-container{text-align:start;}:root{--page-title-display:none;}@media(max-width:1024px){.elementor-22107 .elementor-element.elementor-element-444f3187 > .elementor-widget-container > .jet-listing-grid > .jet-listing-grid__items, .elementor-22107 .elementor-element.elementor-element-444f3187 > .jet-listing-grid > .jet-listing-grid__items{--columns:2;}}@media(max-width:767px){.elementor-22107 .elementor-element.elementor-element-444f3187 > .elementor-widget-container > .jet-listing-grid > .jet-listing-grid__items, .elementor-22107 .elementor-element.elementor-element-444f3187 > .jet-listing-grid > .jet-listing-grid__items{--columns:1;}}<\/style><\/div>\t\t\t\t<\/div>\n\t\t\t\t<\/div>\n\t\t\t\t<div class=\"elementor-element elementor-element-196ac74 elementor-widget elementor-widget-spacer\" data-id=\"196ac74\" data-element_type=\"widget\" data-e-type=\"widget\" data-widget_type=\"spacer.default\">\n\t\t\t\t<div class=\"elementor-widget-container\">\n\t\t\t\t\t\t\t<div class=\"elementor-spacer\">\n\t\t\t<div class=\"elementor-spacer-inner\"><\/div>\n\t\t<\/div>\n\t\t\t\t\t\t<\/div>\n\t\t\t\t<\/div>\n\t\t\t\t\t<\/div>\n\t\t<\/div>\n\t\t\t\t\t<\/div>\n\t\t<\/section>\n\t\t\t\t<\/div>\n\t\t","protected":false},"excerpt":{"rendered":"<p>Nesta sec\u00e7\u00e3o Postagens Relacionadas Nesta sec\u00e7\u00e3o Neuraxpharm A dem\u00eancia afeta principalmente pessoas mais idosas e \u00e9 causada por diferentes doen\u00e7as que afetam a mem\u00f3ria e a fun\u00e7\u00e3o cerebral. Aprenda mais sobre os principais tipos de dem\u00eancia, os sintomas mais comuns e o que pode fazer para a prevenir. Na Neuraxpharm desenvolvemos alternativas farmacol\u00f3gicas para a [&hellip;]<\/p>\n","protected":false},"author":1,"featured_media":0,"parent":573,"menu_order":0,"comment_status":"closed","ping_status":"closed","template":"elementor_header_footer","meta":{"_acf_changed":false,"footnotes":""},"class_list":["post-3688","page","type-page","status-publish","hentry"],"yoast_head":"<!-- This site is optimized with the Yoast SEO Premium plugin v27.2 (Yoast SEO v27.2) - https:\/\/yoast.com\/product\/yoast-seo-premium-wordpress\/ -->\n<title>Dem\u00eancia - Neuraxpharm PT<\/title>\n<meta name=\"robots\" content=\"index, follow, max-snippet:-1, max-image-preview:large, max-video-preview:-1\" \/>\n<link rel=\"canonical\" href=\"https:\/\/www.neuraxpharm.com\/pt\/doencas\/demencia\" \/>\n<meta property=\"og:locale\" content=\"pt_PT\" \/>\n<meta property=\"og:type\" content=\"article\" \/>\n<meta property=\"og:title\" content=\"Dem\u00eancia\" \/>\n<meta property=\"og:description\" content=\"Nesta sec\u00e7\u00e3o Postagens Relacionadas Nesta sec\u00e7\u00e3o Neuraxpharm A dem\u00eancia afeta principalmente pessoas mais idosas e \u00e9 causada por diferentes doen\u00e7as que afetam a mem\u00f3ria e a fun\u00e7\u00e3o cerebral. Aprenda mais sobre os principais tipos de dem\u00eancia, os sintomas mais comuns e o que pode fazer para a prevenir. Na Neuraxpharm desenvolvemos alternativas farmacol\u00f3gicas para a [&hellip;]\" \/>\n<meta property=\"og:url\" content=\"https:\/\/www.neuraxpharm.com\/pt\/doencas\/demencia\" \/>\n<meta property=\"og:site_name\" content=\"Neuraxpharm PT\" \/>\n<meta property=\"article:modified_time\" content=\"2023-05-23T13:16:15+00:00\" \/>\n<meta name=\"twitter:card\" content=\"summary_large_image\" \/>\n<meta name=\"twitter:label1\" content=\"Tempo estimado de leitura\" \/>\n\t<meta name=\"twitter:data1\" content=\"19 minutos\" \/>\n<script type=\"application\/ld+json\" class=\"yoast-schema-graph\">{\"@context\":\"https:\/\/schema.org\",\"@graph\":[{\"@type\":\"WebPage\",\"@id\":\"https:\/\/www.neuraxpharm.com\/pt\/doencas\/demencia\",\"url\":\"https:\/\/www.neuraxpharm.com\/pt\/doencas\/demencia\",\"name\":\"Dem\u00eancia - Neuraxpharm PT\",\"isPartOf\":{\"@id\":\"https:\/\/www.neuraxpharm.com\/pt\/#website\"},\"datePublished\":\"2021-03-11T12:18:47+00:00\",\"dateModified\":\"2023-05-23T13:16:15+00:00\",\"breadcrumb\":{\"@id\":\"https:\/\/www.neuraxpharm.com\/pt\/doencas\/demencia#breadcrumb\"},\"inLanguage\":\"pt-PT\",\"potentialAction\":[{\"@type\":\"ReadAction\",\"target\":[\"https:\/\/www.neuraxpharm.com\/pt\/doencas\/demencia\"]}]},{\"@type\":\"BreadcrumbList\",\"@id\":\"https:\/\/www.neuraxpharm.com\/pt\/doencas\/demencia#breadcrumb\",\"itemListElement\":[{\"@type\":\"ListItem\",\"position\":1,\"name\":\"Doen\u00e7as psiqui\u00e1tricas e neurol\u00f3gicas\",\"item\":\"https:\/\/www.neuraxpharm.com\/pt\/doencas\"},{\"@type\":\"ListItem\",\"position\":2,\"name\":\"Dem\u00eancia\"}]},{\"@type\":\"WebSite\",\"@id\":\"https:\/\/www.neuraxpharm.com\/pt\/#website\",\"url\":\"https:\/\/www.neuraxpharm.com\/pt\/\",\"name\":\"Neuraxpharm PT\",\"description\":\"A European Leader for the CNS products\",\"potentialAction\":[{\"@type\":\"SearchAction\",\"target\":{\"@type\":\"EntryPoint\",\"urlTemplate\":\"https:\/\/www.neuraxpharm.com\/pt\/?s={search_term_string}\"},\"query-input\":{\"@type\":\"PropertyValueSpecification\",\"valueRequired\":true,\"valueName\":\"search_term_string\"}}],\"inLanguage\":\"pt-PT\"}]}<\/script>\n<!-- \/ Yoast SEO Premium plugin. -->","yoast_head_json":{"title":"Dem\u00eancia - Neuraxpharm PT","robots":{"index":"index","follow":"follow","max-snippet":"max-snippet:-1","max-image-preview":"max-image-preview:large","max-video-preview":"max-video-preview:-1"},"canonical":"https:\/\/www.neuraxpharm.com\/pt\/doencas\/demencia","og_locale":"pt_PT","og_type":"article","og_title":"Dem\u00eancia","og_description":"Nesta sec\u00e7\u00e3o Postagens Relacionadas Nesta sec\u00e7\u00e3o Neuraxpharm A dem\u00eancia afeta principalmente pessoas mais idosas e \u00e9 causada por diferentes doen\u00e7as que afetam a mem\u00f3ria e a fun\u00e7\u00e3o cerebral. Aprenda mais sobre os principais tipos de dem\u00eancia, os sintomas mais comuns e o que pode fazer para a prevenir. Na Neuraxpharm desenvolvemos alternativas farmacol\u00f3gicas para a [&hellip;]","og_url":"https:\/\/www.neuraxpharm.com\/pt\/doencas\/demencia","og_site_name":"Neuraxpharm PT","article_modified_time":"2023-05-23T13:16:15+00:00","twitter_card":"summary_large_image","twitter_misc":{"Tempo estimado de leitura":"19 minutos"},"schema":{"@context":"https:\/\/schema.org","@graph":[{"@type":"WebPage","@id":"https:\/\/www.neuraxpharm.com\/pt\/doencas\/demencia","url":"https:\/\/www.neuraxpharm.com\/pt\/doencas\/demencia","name":"Dem\u00eancia - Neuraxpharm PT","isPartOf":{"@id":"https:\/\/www.neuraxpharm.com\/pt\/#website"},"datePublished":"2021-03-11T12:18:47+00:00","dateModified":"2023-05-23T13:16:15+00:00","breadcrumb":{"@id":"https:\/\/www.neuraxpharm.com\/pt\/doencas\/demencia#breadcrumb"},"inLanguage":"pt-PT","potentialAction":[{"@type":"ReadAction","target":["https:\/\/www.neuraxpharm.com\/pt\/doencas\/demencia"]}]},{"@type":"BreadcrumbList","@id":"https:\/\/www.neuraxpharm.com\/pt\/doencas\/demencia#breadcrumb","itemListElement":[{"@type":"ListItem","position":1,"name":"Doen\u00e7as psiqui\u00e1tricas e neurol\u00f3gicas","item":"https:\/\/www.neuraxpharm.com\/pt\/doencas"},{"@type":"ListItem","position":2,"name":"Dem\u00eancia"}]},{"@type":"WebSite","@id":"https:\/\/www.neuraxpharm.com\/pt\/#website","url":"https:\/\/www.neuraxpharm.com\/pt\/","name":"Neuraxpharm PT","description":"A European Leader for the CNS products","potentialAction":[{"@type":"SearchAction","target":{"@type":"EntryPoint","urlTemplate":"https:\/\/www.neuraxpharm.com\/pt\/?s={search_term_string}"},"query-input":{"@type":"PropertyValueSpecification","valueRequired":true,"valueName":"search_term_string"}}],"inLanguage":"pt-PT"}]}},"acf":[],"_links":{"self":[{"href":"https:\/\/www.neuraxpharm.com\/pt\/wp-json\/wp\/v2\/pages\/3688","targetHints":{"allow":["GET"]}}],"collection":[{"href":"https:\/\/www.neuraxpharm.com\/pt\/wp-json\/wp\/v2\/pages"}],"about":[{"href":"https:\/\/www.neuraxpharm.com\/pt\/wp-json\/wp\/v2\/types\/page"}],"author":[{"embeddable":true,"href":"https:\/\/www.neuraxpharm.com\/pt\/wp-json\/wp\/v2\/users\/1"}],"replies":[{"embeddable":true,"href":"https:\/\/www.neuraxpharm.com\/pt\/wp-json\/wp\/v2\/comments?post=3688"}],"version-history":[{"count":194,"href":"https:\/\/www.neuraxpharm.com\/pt\/wp-json\/wp\/v2\/pages\/3688\/revisions"}],"predecessor-version":[{"id":26775,"href":"https:\/\/www.neuraxpharm.com\/pt\/wp-json\/wp\/v2\/pages\/3688\/revisions\/26775"}],"up":[{"embeddable":true,"href":"https:\/\/www.neuraxpharm.com\/pt\/wp-json\/wp\/v2\/pages\/573"}],"wp:attachment":[{"href":"https:\/\/www.neuraxpharm.com\/pt\/wp-json\/wp\/v2\/media?parent=3688"}],"curies":[{"name":"wp","href":"https:\/\/api.w.org\/{rel}","templated":true}]}}