{"id":15841,"date":"2021-04-13T08:50:25","date_gmt":"2021-04-13T08:50:25","guid":{"rendered":"https:\/\/www.neuraxpharm.com\/it2\/?page_id=15841"},"modified":"2024-01-17T11:04:48","modified_gmt":"2024-01-17T11:04:48","slug":"javier-mercade","status":"publish","type":"page","link":"https:\/\/www.neuraxpharm.com\/be-fr\/a-propos-de-nous\/comite-executif\/javier-mercade","title":{"rendered":"JAVIER MERCAD\u00c9"},"content":{"rendered":"\t\t<div data-elementor-type=\"wp-page\" data-elementor-id=\"15841\" class=\"elementor elementor-15841\" data-elementor-post-type=\"page\">\n\t\t\t\t\t\t<section class=\"elementor-section elementor-top-section elementor-element elementor-element-7f808905 elementor-section-boxed elementor-section-height-default elementor-section-height-default\" data-id=\"7f808905\" data-element_type=\"section\" data-e-type=\"section\" data-settings=\"{&quot;jet_parallax_layout_list&quot;:[{&quot;jet_parallax_layout_image&quot;:{&quot;url&quot;:&quot;&quot;,&quot;id&quot;:&quot;&quot;,&quot;size&quot;:&quot;&quot;},&quot;_id&quot;:&quot;f02b98c&quot;,&quot;jet_parallax_layout_image_tablet&quot;:{&quot;url&quot;:&quot;&quot;,&quot;id&quot;:&quot;&quot;,&quot;size&quot;:&quot;&quot;},&quot;jet_parallax_layout_image_mobile&quot;:{&quot;url&quot;:&quot;&quot;,&quot;id&quot;:&quot;&quot;,&quot;size&quot;:&quot;&quot;},&quot;jet_parallax_layout_speed&quot;:{&quot;unit&quot;:&quot;%&quot;,&quot;size&quot;:50,&quot;sizes&quot;:[]},&quot;jet_parallax_layout_type&quot;:&quot;scroll&quot;,&quot;jet_parallax_layout_direction&quot;:&quot;1&quot;,&quot;jet_parallax_layout_fx_direction&quot;:null,&quot;jet_parallax_layout_z_index&quot;:&quot;&quot;,&quot;jet_parallax_layout_bg_x&quot;:50,&quot;jet_parallax_layout_bg_x_tablet&quot;:&quot;&quot;,&quot;jet_parallax_layout_bg_x_mobile&quot;:&quot;&quot;,&quot;jet_parallax_layout_bg_y&quot;:50,&quot;jet_parallax_layout_bg_y_tablet&quot;:&quot;&quot;,&quot;jet_parallax_layout_bg_y_mobile&quot;:&quot;&quot;,&quot;jet_parallax_layout_bg_size&quot;:&quot;auto&quot;,&quot;jet_parallax_layout_bg_size_tablet&quot;:&quot;&quot;,&quot;jet_parallax_layout_bg_size_mobile&quot;:&quot;&quot;,&quot;jet_parallax_layout_animation_prop&quot;:&quot;transform&quot;,&quot;jet_parallax_layout_on&quot;:[&quot;desktop&quot;,&quot;tablet&quot;]}]}\">\n\t\t\t\t\t\t<div class=\"elementor-container elementor-column-gap-default\">\n\t\t\t\t\t<div class=\"elementor-column elementor-col-33 elementor-top-column elementor-element elementor-element-3d70389b\" data-id=\"3d70389b\" data-element_type=\"column\" data-e-type=\"column\">\n\t\t\t<div class=\"elementor-widget-wrap elementor-element-populated\">\n\t\t\t\t\t\t<div class=\"elementor-element elementor-element-75ad8cba elementor-widget elementor-widget-image\" data-id=\"75ad8cba\" data-element_type=\"widget\" data-e-type=\"widget\" data-widget_type=\"image.default\">\n\t\t\t\t<div class=\"elementor-widget-container\">\n\t\t\t\t\t\t\t\t\t\t\t\t\t\t\t<img fetchpriority=\"high\" decoding=\"async\" width=\"716\" height=\"700\" src=\"https:\/\/static.neuraxpharm.com\/wp-content\/uploads\/sites\/31\/2023\/03\/17110355\/javier-mercade-2.jpg\" class=\"attachment-large size-large wp-image-28335\" alt=\"\" \/>\t\t\t\t\t\t\t\t\t\t\t\t\t\t\t<\/div>\n\t\t\t\t<\/div>\n\t\t\t\t<section class=\"elementor-section elementor-inner-section elementor-element elementor-element-74b8bffa elementor-section-content-top elementor-section-boxed elementor-section-height-default elementor-section-height-default\" data-id=\"74b8bffa\" data-element_type=\"section\" data-e-type=\"section\" data-settings=\"{&quot;jet_parallax_layout_list&quot;:[{&quot;jet_parallax_layout_image&quot;:{&quot;url&quot;:&quot;&quot;,&quot;id&quot;:&quot;&quot;,&quot;size&quot;:&quot;&quot;},&quot;_id&quot;:&quot;5f899ce&quot;,&quot;jet_parallax_layout_image_tablet&quot;:{&quot;url&quot;:&quot;&quot;,&quot;id&quot;:&quot;&quot;,&quot;size&quot;:&quot;&quot;},&quot;jet_parallax_layout_image_mobile&quot;:{&quot;url&quot;:&quot;&quot;,&quot;id&quot;:&quot;&quot;,&quot;size&quot;:&quot;&quot;},&quot;jet_parallax_layout_speed&quot;:{&quot;unit&quot;:&quot;%&quot;,&quot;size&quot;:50,&quot;sizes&quot;:[]},&quot;jet_parallax_layout_type&quot;:&quot;scroll&quot;,&quot;jet_parallax_layout_direction&quot;:&quot;1&quot;,&quot;jet_parallax_layout_fx_direction&quot;:null,&quot;jet_parallax_layout_z_index&quot;:&quot;&quot;,&quot;jet_parallax_layout_bg_x&quot;:50,&quot;jet_parallax_layout_bg_x_tablet&quot;:&quot;&quot;,&quot;jet_parallax_layout_bg_x_mobile&quot;:&quot;&quot;,&quot;jet_parallax_layout_bg_y&quot;:50,&quot;jet_parallax_layout_bg_y_tablet&quot;:&quot;&quot;,&quot;jet_parallax_layout_bg_y_mobile&quot;:&quot;&quot;,&quot;jet_parallax_layout_bg_size&quot;:&quot;auto&quot;,&quot;jet_parallax_layout_bg_size_tablet&quot;:&quot;&quot;,&quot;jet_parallax_layout_bg_size_mobile&quot;:&quot;&quot;,&quot;jet_parallax_layout_animation_prop&quot;:&quot;transform&quot;,&quot;jet_parallax_layout_on&quot;:[&quot;desktop&quot;,&quot;tablet&quot;]}]}\">\n\t\t\t\t\t\t<div class=\"elementor-container elementor-column-gap-default\">\n\t\t\t\t\t<div class=\"elementor-column elementor-col-50 elementor-inner-column elementor-element elementor-element-60646bf2\" data-id=\"60646bf2\" data-element_type=\"column\" data-e-type=\"column\">\n\t\t\t<div class=\"elementor-widget-wrap elementor-element-populated\">\n\t\t\t\t\t\t<div class=\"elementor-element elementor-element-15700adb elementor-view-default elementor-widget elementor-widget-icon\" data-id=\"15700adb\" data-element_type=\"widget\" data-e-type=\"widget\" data-widget_type=\"icon.default\">\n\t\t\t\t<div class=\"elementor-widget-container\">\n\t\t\t\t\t\t\t<div class=\"elementor-icon-wrapper\">\n\t\t\t<div class=\"elementor-icon\">\n\t\t\t<i aria-hidden=\"true\" class=\"fab fa-linkedin-in\"><\/i>\t\t\t<\/div>\n\t\t<\/div>\n\t\t\t\t\t\t<\/div>\n\t\t\t\t<\/div>\n\t\t\t\t\t<\/div>\n\t\t<\/div>\n\t\t\t\t<div class=\"elementor-column elementor-col-50 elementor-inner-column elementor-element elementor-element-15490b\" data-id=\"15490b\" data-element_type=\"column\" data-e-type=\"column\">\n\t\t\t<div class=\"elementor-widget-wrap elementor-element-populated\">\n\t\t\t\t\t\t<div class=\"elementor-element elementor-element-1cc52f3 elementor-widget elementor-widget-heading\" data-id=\"1cc52f3\" data-element_type=\"widget\" data-e-type=\"widget\" data-widget_type=\"heading.default\">\n\t\t\t\t<div class=\"elementor-widget-container\">\n\t\t\t\t\t<p class=\"elementor-heading-title elementor-size-default\"><a href=\"https:\/\/www.linkedin.com\/in\/javier-mercad%C3%A9-a592552b\/\" target=\"_blank\">https:\/\/www.linkedin.com\/in\/javier-mercade\/<\/a><\/p>\t\t\t\t<\/div>\n\t\t\t\t<\/div>\n\t\t\t\t\t<\/div>\n\t\t<\/div>\n\t\t\t\t\t<\/div>\n\t\t<\/section>\n\t\t\t\t\t<\/div>\n\t\t<\/div>\n\t\t\t\t<div class=\"elementor-column elementor-col-66 elementor-top-column elementor-element elementor-element-17640048\" data-id=\"17640048\" data-element_type=\"column\" data-e-type=\"column\">\n\t\t\t<div class=\"elementor-widget-wrap elementor-element-populated\">\n\t\t\t\t\t\t<div class=\"elementor-element elementor-element-3453d9e5 elementor-widget elementor-widget-jet-breadcrumbs\" data-id=\"3453d9e5\" data-element_type=\"widget\" data-e-type=\"widget\" data-widget_type=\"jet-breadcrumbs.default\">\n\t\t\t\t<div class=\"elementor-widget-container\">\n\t\t\t\t\t<div class=\"elementor-jet-breadcrumbs jet-blocks\">\n\t\t<div class=\"jet-breadcrumbs\">\n\t\t<div class=\"jet-breadcrumbs__content\">\n\t\t<div class=\"jet-breadcrumbs__wrap\"><div class=\"jet-breadcrumbs__item\"><a href=\"https:\/\/www.neuraxpharm.com\/be-fr\/\" class=\"jet-breadcrumbs__item-link is-home\" rel=\"home\" title=\"Neuraxpharm\">Neuraxpharm<\/a><\/div>\n\t\t<\/div>\n\t\t<\/div>\n\t\t<\/div><\/div>\t\t\t\t<\/div>\n\t\t\t\t<\/div>\n\t\t\t\t<div class=\"elementor-element elementor-element-e5e84e8 elementor-widget elementor-widget-heading\" data-id=\"e5e84e8\" data-element_type=\"widget\" data-e-type=\"widget\" data-widget_type=\"heading.default\">\n\t\t\t\t<div class=\"elementor-widget-container\">\n\t\t\t\t\t<h1 class=\"elementor-heading-title elementor-size-default\">JAVIER MERCAD\u00c9<\/h1>\t\t\t\t<\/div>\n\t\t\t\t<\/div>\n\t\t\t\t<div class=\"elementor-element elementor-element-614cff3 elementor-widget elementor-widget-text-editor\" data-id=\"614cff3\" data-element_type=\"widget\" data-e-type=\"widget\" data-widget_type=\"text-editor.default\">\n\t\t\t\t<div class=\"elementor-widget-container\">\n\t\t\t\t\t\t\t\t\t<p>Javier is Neuraxpharm\u2019s Head of Growth Markets (Espagne, Italie et Portugal) et de General Manager de Neuraxpharm Espagne et Portugal. Il a plus de 25 ans d&rsquo;exp\u00e9rience dans l&rsquo;industrie pharmaceutique, o\u00f9 il a occup\u00e9 divers postes \u00e0 responsabilit\u00e9.<\/p><p>Javier a rejoint Neuraxpharm en 2006, dirigeant le d\u00e9veloppement de Neuraxpharm Espagne depuis le d\u00e9but. Auparavant, il avait occup\u00e9 diff\u00e9rents postes commerciaux chez Procter &amp; Gamble, Vita, Roche et Prodesfarma.<\/p><p>Il est titulaire d&rsquo;une licence en pharmacie de l&rsquo;universit\u00e9 de Barcelone, et c\u00f4t\u00e9 affaires, il a un MBA d&rsquo;ESADE et un dipl\u00f4me en PDG de l&rsquo;\u00e9cole de commerce IESE.<\/p>\t\t\t\t\t\t\t\t<\/div>\n\t\t\t\t<\/div>\n\t\t\t\t\t<\/div>\n\t\t<\/div>\n\t\t\t\t\t<\/div>\n\t\t<\/section>\n\t\t\t\t<section class=\"elementor-section elementor-top-section elementor-element elementor-element-bacc1a9 elementor-section-boxed elementor-section-height-default elementor-section-height-default\" data-id=\"bacc1a9\" data-element_type=\"section\" data-e-type=\"section\" data-settings=\"{&quot;jet_parallax_layout_list&quot;:[{&quot;jet_parallax_layout_image&quot;:{&quot;url&quot;:&quot;&quot;,&quot;id&quot;:&quot;&quot;,&quot;size&quot;:&quot;&quot;},&quot;_id&quot;:&quot;e7d9f21&quot;,&quot;jet_parallax_layout_image_tablet&quot;:{&quot;url&quot;:&quot;&quot;,&quot;id&quot;:&quot;&quot;,&quot;size&quot;:&quot;&quot;},&quot;jet_parallax_layout_image_mobile&quot;:{&quot;url&quot;:&quot;&quot;,&quot;id&quot;:&quot;&quot;,&quot;size&quot;:&quot;&quot;},&quot;jet_parallax_layout_speed&quot;:{&quot;unit&quot;:&quot;%&quot;,&quot;size&quot;:50,&quot;sizes&quot;:[]},&quot;jet_parallax_layout_type&quot;:&quot;scroll&quot;,&quot;jet_parallax_layout_direction&quot;:&quot;1&quot;,&quot;jet_parallax_layout_fx_direction&quot;:null,&quot;jet_parallax_layout_z_index&quot;:&quot;&quot;,&quot;jet_parallax_layout_bg_x&quot;:50,&quot;jet_parallax_layout_bg_x_tablet&quot;:&quot;&quot;,&quot;jet_parallax_layout_bg_x_mobile&quot;:&quot;&quot;,&quot;jet_parallax_layout_bg_y&quot;:50,&quot;jet_parallax_layout_bg_y_tablet&quot;:&quot;&quot;,&quot;jet_parallax_layout_bg_y_mobile&quot;:&quot;&quot;,&quot;jet_parallax_layout_bg_size&quot;:&quot;auto&quot;,&quot;jet_parallax_layout_bg_size_tablet&quot;:&quot;&quot;,&quot;jet_parallax_layout_bg_size_mobile&quot;:&quot;&quot;,&quot;jet_parallax_layout_animation_prop&quot;:&quot;transform&quot;,&quot;jet_parallax_layout_on&quot;:[&quot;desktop&quot;,&quot;tablet&quot;]}]}\">\n\t\t\t\t\t\t<div class=\"elementor-container elementor-column-gap-default\">\n\t\t\t\t\t<div class=\"elementor-column elementor-col-100 elementor-top-column elementor-element elementor-element-7080505\" data-id=\"7080505\" data-element_type=\"column\" data-e-type=\"column\">\n\t\t\t<div class=\"elementor-widget-wrap elementor-element-populated\">\n\t\t\t\t\t\t<div class=\"elementor-element elementor-element-53f8d38 elementor-widget elementor-widget-spacer\" data-id=\"53f8d38\" data-element_type=\"widget\" data-e-type=\"widget\" data-widget_type=\"spacer.default\">\n\t\t\t\t<div class=\"elementor-widget-container\">\n\t\t\t\t\t\t\t<div class=\"elementor-spacer\">\n\t\t\t<div class=\"elementor-spacer-inner\"><\/div>\n\t\t<\/div>\n\t\t\t\t\t\t<\/div>\n\t\t\t\t<\/div>\n\t\t\t\t\t<\/div>\n\t\t<\/div>\n\t\t\t\t\t<\/div>\n\t\t<\/section>\n\t\t\t\t<\/div>\n\t\t","protected":false},"excerpt":{"rendered":"<p>https:\/\/www.linkedin.com\/in\/javier-mercade\/ Neuraxpharm JAVIER MERCAD\u00c9 Javier is Neuraxpharm\u2019s Head of Growth Markets (Espagne, Italie et Portugal) et de General Manager de Neuraxpharm Espagne et Portugal. Il a plus de 25 ans d&rsquo;exp\u00e9rience dans l&rsquo;industrie pharmaceutique, o\u00f9 il a occup\u00e9 divers postes \u00e0 responsabilit\u00e9. Javier a rejoint Neuraxpharm en 2006, dirigeant le d\u00e9veloppement de Neuraxpharm Espagne depuis [&hellip;]<\/p>\n","protected":false},"author":3,"featured_media":0,"parent":1998,"menu_order":0,"comment_status":"closed","ping_status":"closed","template":"elementor_header_footer","meta":{"_acf_changed":false,"footnotes":""},"class_list":["post-15841","page","type-page","status-publish","hentry"],"yoast_head":"<!-- This site is optimized with the Yoast SEO Premium plugin v27.2 (Yoast SEO v27.5) - https:\/\/yoast.com\/product\/yoast-seo-premium-wordpress\/ -->\n<title>JAVIER MERCAD\u00c9 - Neuraxpharm Belgique<\/title>\n<meta name=\"robots\" content=\"index, follow, max-snippet:-1, max-image-preview:large, max-video-preview:-1\" \/>\n<link rel=\"canonical\" href=\"https:\/\/www.neuraxpharm.com\/be-fr\/a-propos-de-nous\/comite-executif\/javier-mercade\" \/>\n<meta property=\"og:locale\" content=\"fr_FR\" \/>\n<meta property=\"og:type\" content=\"article\" \/>\n<meta property=\"og:title\" content=\"JAVIER MERCAD\u00c9\" \/>\n<meta property=\"og:description\" content=\"https:\/\/www.linkedin.com\/in\/javier-mercade\/ Neuraxpharm JAVIER MERCAD\u00c9 Javier is Neuraxpharm\u2019s Head of Growth Markets (Espagne, Italie et Portugal) et de General Manager de Neuraxpharm Espagne et Portugal. Il a plus de 25 ans d&rsquo;exp\u00e9rience dans l&rsquo;industrie pharmaceutique, o\u00f9 il a occup\u00e9 divers postes \u00e0 responsabilit\u00e9. Javier a rejoint Neuraxpharm en 2006, dirigeant le d\u00e9veloppement de Neuraxpharm Espagne depuis [&hellip;]\" \/>\n<meta property=\"og:url\" content=\"https:\/\/www.neuraxpharm.com\/be-fr\/a-propos-de-nous\/comite-executif\/javier-mercade\" \/>\n<meta property=\"og:site_name\" content=\"Neuraxpharm Belgique\" \/>\n<meta property=\"article:modified_time\" content=\"2024-01-17T11:04:48+00:00\" \/>\n<meta property=\"og:image\" content=\"https:\/\/www.neuraxpharm.com\/be-fr\/wp-content\/uploads\/sites\/31\/2023\/03\/javier-mercade-2.jpg\" \/>\n<meta name=\"twitter:card\" content=\"summary_large_image\" \/>\n<meta name=\"twitter:label1\" content=\"Dur\u00e9e de lecture est.\" \/>\n\t<meta name=\"twitter:data1\" content=\"1 minute\" \/>\n<script type=\"application\/ld+json\" class=\"yoast-schema-graph\">{\"@context\":\"https:\\\/\\\/schema.org\",\"@graph\":[{\"@type\":\"WebPage\",\"@id\":\"https:\\\/\\\/www.neuraxpharm.com\\\/be-fr\\\/a-propos-de-nous\\\/comite-executif\\\/javier-mercade\",\"url\":\"https:\\\/\\\/www.neuraxpharm.com\\\/be-fr\\\/a-propos-de-nous\\\/comite-executif\\\/javier-mercade\",\"name\":\"JAVIER MERCAD\u00c9 - Neuraxpharm Belgique\",\"isPartOf\":{\"@id\":\"https:\\\/\\\/www.neuraxpharm.com\\\/be-fr\\\/#website\"},\"primaryImageOfPage\":{\"@id\":\"https:\\\/\\\/www.neuraxpharm.com\\\/be-fr\\\/a-propos-de-nous\\\/comite-executif\\\/javier-mercade#primaryimage\"},\"image\":{\"@id\":\"https:\\\/\\\/www.neuraxpharm.com\\\/be-fr\\\/a-propos-de-nous\\\/comite-executif\\\/javier-mercade#primaryimage\"},\"thumbnailUrl\":\"https:\\\/\\\/www.neuraxpharm.com\\\/be-fr\\\/wp-content\\\/uploads\\\/sites\\\/31\\\/2023\\\/03\\\/javier-mercade-2.jpg\",\"datePublished\":\"2021-04-13T08:50:25+00:00\",\"dateModified\":\"2024-01-17T11:04:48+00:00\",\"breadcrumb\":{\"@id\":\"https:\\\/\\\/www.neuraxpharm.com\\\/be-fr\\\/a-propos-de-nous\\\/comite-executif\\\/javier-mercade#breadcrumb\"},\"inLanguage\":\"fr-BE\",\"potentialAction\":[{\"@type\":\"ReadAction\",\"target\":[\"https:\\\/\\\/www.neuraxpharm.com\\\/be-fr\\\/a-propos-de-nous\\\/comite-executif\\\/javier-mercade\"]}]},{\"@type\":\"ImageObject\",\"inLanguage\":\"fr-BE\",\"@id\":\"https:\\\/\\\/www.neuraxpharm.com\\\/be-fr\\\/a-propos-de-nous\\\/comite-executif\\\/javier-mercade#primaryimage\",\"url\":\"https:\\\/\\\/static.neuraxpharm.com\\\/wp-content\\\/uploads\\\/sites\\\/31\\\/2023\\\/03\\\/17110355\\\/javier-mercade-2.jpg\",\"contentUrl\":\"https:\\\/\\\/static.neuraxpharm.com\\\/wp-content\\\/uploads\\\/sites\\\/31\\\/2023\\\/03\\\/17110355\\\/javier-mercade-2.jpg\",\"width\":716,\"height\":700},{\"@type\":\"BreadcrumbList\",\"@id\":\"https:\\\/\\\/www.neuraxpharm.com\\\/be-fr\\\/a-propos-de-nous\\\/comite-executif\\\/javier-mercade#breadcrumb\",\"itemListElement\":[{\"@type\":\"ListItem\",\"position\":1,\"name\":\"\u00c0 propos de nous\",\"item\":\"https:\\\/\\\/www.neuraxpharm.com\\\/be-fr\\\/a-propos-de-nous\"},{\"@type\":\"ListItem\",\"position\":2,\"name\":\"Comit\u00e9 Ex\u00e9cutif\",\"item\":\"https:\\\/\\\/www.neuraxpharm.com\\\/be-fr\\\/a-propos-de-nous\\\/comite-executif\"},{\"@type\":\"ListItem\",\"position\":3,\"name\":\"JAVIER MERCAD\u00c9\"}]},{\"@type\":\"WebSite\",\"@id\":\"https:\\\/\\\/www.neuraxpharm.com\\\/be-fr\\\/#website\",\"url\":\"https:\\\/\\\/www.neuraxpharm.com\\\/be-fr\\\/\",\"name\":\"Neuraxpharm Belgique\",\"description\":\"Un leader europ\u00e9en pour les produits CNS\",\"potentialAction\":[{\"@type\":\"SearchAction\",\"target\":{\"@type\":\"EntryPoint\",\"urlTemplate\":\"https:\\\/\\\/www.neuraxpharm.com\\\/be-fr\\\/?s={search_term_string}\"},\"query-input\":{\"@type\":\"PropertyValueSpecification\",\"valueRequired\":true,\"valueName\":\"search_term_string\"}}],\"inLanguage\":\"fr-BE\"}]}<\/script>\n<!-- \/ Yoast SEO Premium plugin. -->","yoast_head_json":{"title":"JAVIER MERCAD\u00c9 - Neuraxpharm Belgique","robots":{"index":"index","follow":"follow","max-snippet":"max-snippet:-1","max-image-preview":"max-image-preview:large","max-video-preview":"max-video-preview:-1"},"canonical":"https:\/\/www.neuraxpharm.com\/be-fr\/a-propos-de-nous\/comite-executif\/javier-mercade","og_locale":"fr_FR","og_type":"article","og_title":"JAVIER MERCAD\u00c9","og_description":"https:\/\/www.linkedin.com\/in\/javier-mercade\/ Neuraxpharm JAVIER MERCAD\u00c9 Javier is Neuraxpharm\u2019s Head of Growth Markets (Espagne, Italie et Portugal) et de General Manager de Neuraxpharm Espagne et Portugal. Il a plus de 25 ans d&rsquo;exp\u00e9rience dans l&rsquo;industrie pharmaceutique, o\u00f9 il a occup\u00e9 divers postes \u00e0 responsabilit\u00e9. Javier a rejoint Neuraxpharm en 2006, dirigeant le d\u00e9veloppement de Neuraxpharm Espagne depuis [&hellip;]","og_url":"https:\/\/www.neuraxpharm.com\/be-fr\/a-propos-de-nous\/comite-executif\/javier-mercade","og_site_name":"Neuraxpharm Belgique","article_modified_time":"2024-01-17T11:04:48+00:00","og_image":[{"url":"https:\/\/www.neuraxpharm.com\/be-fr\/wp-content\/uploads\/sites\/31\/2023\/03\/javier-mercade-2.jpg","type":"","width":"","height":""}],"twitter_card":"summary_large_image","twitter_misc":{"Dur\u00e9e de lecture est.":"1 minute"},"schema":{"@context":"https:\/\/schema.org","@graph":[{"@type":"WebPage","@id":"https:\/\/www.neuraxpharm.com\/be-fr\/a-propos-de-nous\/comite-executif\/javier-mercade","url":"https:\/\/www.neuraxpharm.com\/be-fr\/a-propos-de-nous\/comite-executif\/javier-mercade","name":"JAVIER MERCAD\u00c9 - Neuraxpharm Belgique","isPartOf":{"@id":"https:\/\/www.neuraxpharm.com\/be-fr\/#website"},"primaryImageOfPage":{"@id":"https:\/\/www.neuraxpharm.com\/be-fr\/a-propos-de-nous\/comite-executif\/javier-mercade#primaryimage"},"image":{"@id":"https:\/\/www.neuraxpharm.com\/be-fr\/a-propos-de-nous\/comite-executif\/javier-mercade#primaryimage"},"thumbnailUrl":"https:\/\/www.neuraxpharm.com\/be-fr\/wp-content\/uploads\/sites\/31\/2023\/03\/javier-mercade-2.jpg","datePublished":"2021-04-13T08:50:25+00:00","dateModified":"2024-01-17T11:04:48+00:00","breadcrumb":{"@id":"https:\/\/www.neuraxpharm.com\/be-fr\/a-propos-de-nous\/comite-executif\/javier-mercade#breadcrumb"},"inLanguage":"fr-BE","potentialAction":[{"@type":"ReadAction","target":["https:\/\/www.neuraxpharm.com\/be-fr\/a-propos-de-nous\/comite-executif\/javier-mercade"]}]},{"@type":"ImageObject","inLanguage":"fr-BE","@id":"https:\/\/www.neuraxpharm.com\/be-fr\/a-propos-de-nous\/comite-executif\/javier-mercade#primaryimage","url":"https:\/\/static.neuraxpharm.com\/wp-content\/uploads\/sites\/31\/2023\/03\/17110355\/javier-mercade-2.jpg","contentUrl":"https:\/\/static.neuraxpharm.com\/wp-content\/uploads\/sites\/31\/2023\/03\/17110355\/javier-mercade-2.jpg","width":716,"height":700},{"@type":"BreadcrumbList","@id":"https:\/\/www.neuraxpharm.com\/be-fr\/a-propos-de-nous\/comite-executif\/javier-mercade#breadcrumb","itemListElement":[{"@type":"ListItem","position":1,"name":"\u00c0 propos de nous","item":"https:\/\/www.neuraxpharm.com\/be-fr\/a-propos-de-nous"},{"@type":"ListItem","position":2,"name":"Comit\u00e9 Ex\u00e9cutif","item":"https:\/\/www.neuraxpharm.com\/be-fr\/a-propos-de-nous\/comite-executif"},{"@type":"ListItem","position":3,"name":"JAVIER MERCAD\u00c9"}]},{"@type":"WebSite","@id":"https:\/\/www.neuraxpharm.com\/be-fr\/#website","url":"https:\/\/www.neuraxpharm.com\/be-fr\/","name":"Neuraxpharm Belgique","description":"Un leader europ\u00e9en pour les produits CNS","potentialAction":[{"@type":"SearchAction","target":{"@type":"EntryPoint","urlTemplate":"https:\/\/www.neuraxpharm.com\/be-fr\/?s={search_term_string}"},"query-input":{"@type":"PropertyValueSpecification","valueRequired":true,"valueName":"search_term_string"}}],"inLanguage":"fr-BE"}]}},"acf":[],"_links":{"self":[{"href":"https:\/\/www.neuraxpharm.com\/be-fr\/wp-json\/wp\/v2\/pages\/15841","targetHints":{"allow":["GET"]}}],"collection":[{"href":"https:\/\/www.neuraxpharm.com\/be-fr\/wp-json\/wp\/v2\/pages"}],"about":[{"href":"https:\/\/www.neuraxpharm.com\/be-fr\/wp-json\/wp\/v2\/types\/page"}],"author":[{"embeddable":true,"href":"https:\/\/www.neuraxpharm.com\/be-fr\/wp-json\/wp\/v2\/users\/3"}],"replies":[{"embeddable":true,"href":"https:\/\/www.neuraxpharm.com\/be-fr\/wp-json\/wp\/v2\/comments?post=15841"}],"version-history":[{"count":23,"href":"https:\/\/www.neuraxpharm.com\/be-fr\/wp-json\/wp\/v2\/pages\/15841\/revisions"}],"predecessor-version":[{"id":28628,"href":"https:\/\/www.neuraxpharm.com\/be-fr\/wp-json\/wp\/v2\/pages\/15841\/revisions\/28628"}],"up":[{"embeddable":true,"href":"https:\/\/www.neuraxpharm.com\/be-fr\/wp-json\/wp\/v2\/pages\/1998"}],"wp:attachment":[{"href":"https:\/\/www.neuraxpharm.com\/be-fr\/wp-json\/wp\/v2\/media?parent=15841"}],"curies":[{"name":"wp","href":"https:\/\/api.w.org\/{rel}","templated":true}]}}